{"id":1643,"date":"2022-10-15T14:04:31","date_gmt":"2022-10-15T14:04:31","guid":{"rendered":"https:\/\/klbtheme.com\/partdo\/?page_id=1643"},"modified":"2026-03-10T12:29:36","modified_gmt":"2026-03-10T15:29:36","slug":"home","status":"publish","type":"page","link":"https:\/\/espacioescolar.cl\/es\/","title":{"rendered":"Home"},"content":{"rendered":"\t\t<div data-elementor-type=\"wp-page\" data-elementor-id=\"1643\" class=\"elementor elementor-1643\">\n\t\t\t\t\t\t<section class=\"elementor-section elementor-top-section elementor-element elementor-element-f2bacd8 elementor-section-full_width elementor-section-height-default elementor-section-height-default\" data-id=\"f2bacd8\" data-element_type=\"section\" data-e-type=\"section\">\n\t\t\t\t\t\t<div class=\"elementor-container elementor-column-gap-extended\">\n\t\t\t\t\t<div class=\"elementor-column elementor-col-100 elementor-top-column elementor-element elementor-element-46fe9b8\" data-id=\"46fe9b8\" data-element_type=\"column\" data-e-type=\"column\">\n\t\t\t<div class=\"elementor-widget-wrap elementor-element-populated\">\n\t\t\t\t\t\t<div class=\"elementor-element elementor-element-c321bbc elementor-widget elementor-widget-partdo-home-slider\" data-id=\"c321bbc\" data-element_type=\"widget\" data-e-type=\"widget\" data-widget_type=\"partdo-home-slider.default\">\n\t\t\t\t<div class=\"elementor-widget-container\">\n\t\t\t\t\t<div class=\"klbth-module klbth-module-slider\"><div class=\"klbth-module-body\"><div class=\"klbth-slider-wrapper\"> <div class=\"klbth-slider-loader\"><div class=\"klbth-loader size-md color-primary border-sm\"><\/div><\/div><div class=\"klbth-slider arrows-center arrow-size-xlg arrows-light arrows-animate dots-style-filled dots-align-center slider-overflow slider-no-radius width-full\" data-items=\"1\" data-mobileitems=\"1\" data-tabletitems=\"1\" data-speed=\"600\" data-arrows=\"true\" data-dots=\"true\" data-css=\"cubic-bezier(.48,0,.12,1)\" data-margin=\"0\" data-autoplay=\"true\" data-autospeed=\"5000\" data-autostop=\"true\"><div class=\"slider-item\"> <div class=\"klbth-banner style-inner color-scheme-light space-xlg align-center justify-center hover-no-hover\"><div class=\"entry-wrapper overlay-30-dark-max768 dump\"><div class=\"entry-inner w-60\"><div class=\"entry-heading slider-heading\"><span class=\"badge\">Boston College Alto Macul - Colegio Mayor - Pumahue - PDV <\/span><h2 class=\"entry-title font-large-xlg\">Lista de \u00fatiles 2026<\/h2><\/div><div class=\"entry-excerpt font-2xlg weight-300\"><p>10% Dcto. por la compra de tu lista escolar. <\/p><\/div><div class=\"entry-footer vertical slider-footer\"><span class=\"price\"> <del aria-hidden=\"true\"><span class=\"woocommerce-Price-amount amount\"><bdi> <\/bdi><\/span><\/del><ins><span class=\"woocommerce-Price-amount amount\"><bdi> <\/bdi><\/span><\/ins><\/span><\/div><\/div><\/div><div class=\"entry-media overlay-30-dark-min768\"><img decoding=\"async\" src=\"https:\/\/espacioescolar.cl\/wp-content\/uploads\/2026\/01\/backtoschool.webp\" alt=\"slider image\"\/><\/div><a class=\"link-mask\" href=\"https:\/\/espacioescolar.cl\/es\/categoria\/listas-de-utiles-2026\/\"> <\/a><\/div><\/div><div class=\"slider-item\"> <div class=\"klbth-banner style-inner color-scheme-light space-xlg align-center justify-center hover-no-hover\"><div class=\"entry-wrapper overlay-30-dark-max768 dump\"><div class=\"entry-inner w-60\"><div class=\"entry-heading slider-heading\"><span class=\"badge\">Preventa de listas de \u00fatiles<\/span><h2 class=\"entry-title font-large-xlg\">\u00a1Vuelve con todo a clases este 2026!<\/h2><\/div><div class=\"entry-excerpt font-2xlg weight-300\"><p>\u00a1Aqu\u00ed encuentras todo lo que necesitas! <\/p><\/div><div class=\"entry-footer vertical slider-footer\"><span class=\"price\"> <del aria-hidden=\"true\"><span class=\"woocommerce-Price-amount amount\"><bdi> <\/bdi><\/span><\/del><ins><span class=\"woocommerce-Price-amount amount\"><bdi> <\/bdi><\/span><\/ins><\/span><\/div><\/div><\/div><div class=\"entry-media overlay-30-dark-min768\"><img decoding=\"async\" src=\"https:\/\/espacioescolar.cl\/wp-content\/uploads\/2025\/01\/slide-ee-2025-3.webp\" alt=\"slider image\"\/><\/div><a class=\"link-mask\" href=\"\"> <\/a><\/div><\/div><div class=\"slider-item\"> <div class=\"klbth-banner style-inner color-scheme-light space-xlg align-center justify-center hover-no-hover\"><div class=\"entry-wrapper overlay-30-dark-max768 dump\"><div class=\"entry-inner w-60\"><div class=\"entry-heading slider-heading\"><span class=\"badge\">\u00a1Que nada te falte!<\/span><h2 class=\"entry-title font-large-xlg\">Todo en papeler\u00eda <\/h2><\/div><div class=\"entry-excerpt font-2xlg weight-300\"><p>Block de dibujo, estuches de cartulina, crequeras, etc <\/p><\/div><div class=\"entry-footer vertical slider-footer\"><span class=\"price\"> <del aria-hidden=\"true\"><span class=\"woocommerce-Price-amount amount\"><bdi> <\/bdi><\/span><\/del><ins><span class=\"woocommerce-Price-amount amount\"><bdi> <\/bdi><\/span><\/ins><\/span><\/div><\/div><\/div><div class=\"entry-media overlay-30-dark-min768\"><img decoding=\"async\" src=\"https:\/\/espacioescolar.cl\/wp-content\/uploads\/2026\/01\/espacio-escolar-2026-2.webp\" alt=\"slider image\"\/><\/div><a class=\"link-mask\" href=\"https:\/\/espacioescolar.cl\/categoria\/papeleria\/\"> <\/a><\/div><\/div><\/div><\/div><\/div><\/div>\t\t\t\t<\/div>\n\t\t\t\t<\/div>\n\t\t\t\t\t<\/div>\n\t\t<\/div>\n\t\t\t\t\t<\/div>\n\t\t<\/section>\n\t\t\t\t<section class=\"elementor-section elementor-top-section elementor-element elementor-element-d020689 elementor-section-boxed elementor-section-height-default elementor-section-height-default\" data-id=\"d020689\" data-element_type=\"section\" data-e-type=\"section\">\n\t\t\t\t\t\t<div class=\"elementor-container elementor-column-gap-extended\">\n\t\t\t\t\t<div class=\"elementor-column elementor-col-33 elementor-top-column elementor-element elementor-element-6f12c73\" data-id=\"6f12c73\" data-element_type=\"column\" data-e-type=\"column\">\n\t\t\t<div class=\"elementor-widget-wrap elementor-element-populated\">\n\t\t\t\t\t\t<div class=\"elementor-element elementor-element-88fc817 elementor-widget elementor-widget-partdo-icon-box\" data-id=\"88fc817\" data-element_type=\"widget\" data-e-type=\"widget\" data-widget_type=\"partdo-icon-box.default\">\n\t\t\t\t<div class=\"elementor-widget-container\">\n\t\t\t\t\t<div class=\"klbth-module klbth-module-iconbox\"><div class=\"iconbox large\"><div class=\"iconbox-icon\"><svg xmlns=\"http:\/\/www.w3.org\/2000\/svg\" xmlns:xlink=\"http:\/\/www.w3.org\/1999\/xlink\" id=\"Capa_1\" x=\"0px\" y=\"0px\" viewBox=\"0 0 200 200\" style=\"enable-background:new 0 0 200 200;\" xml:space=\"preserve\"><g>\t<path d=\"M175.4,33H23.7v38.1h8.7v96.9h134.4V71.1h8.7V33z M159.8,161H39.3v-90h120.5V161z M168.5,64.1h-1.7H32.4h-1.7V39.9h137.8  V64.1z\"><\/path>\t<path d=\"M72.2,103.9H127c6.7,0,12.1-5.4,12.1-12.1c0-6.7-5.4-12.1-12.1-12.1H72.2c-6.7,0-12.1,5.4-12.1,12.1  C60.1,98.5,65.5,103.9,72.2,103.9z M72.2,86.6H127c2.9,0,5.2,2.3,5.2,5.2S129.8,97,127,97H72.2c-2.9,0-5.2-2.3-5.2-5.2  S69.3,86.6,72.2,86.6z\"><\/path><\/g><\/svg><\/div><div class=\"iconbox-detail\"><h3 class=\"entry-title\">Lista de \u00fatiles escolares<\/h3><div class=\"entry-description\"><p>Armamos la lista completa de \u00fatiles por curso y colegio, adem\u00e1s de un dcto. adicional.<\/p><\/div><\/div><\/div><\/div>\t\t\t\t<\/div>\n\t\t\t\t<\/div>\n\t\t\t\t\t<\/div>\n\t\t<\/div>\n\t\t\t\t<div class=\"elementor-column elementor-col-33 elementor-top-column elementor-element elementor-element-e69614e\" data-id=\"e69614e\" data-element_type=\"column\" data-e-type=\"column\">\n\t\t\t<div class=\"elementor-widget-wrap elementor-element-populated\">\n\t\t\t\t\t\t<div class=\"elementor-element elementor-element-37e8161 elementor-widget elementor-widget-partdo-icon-box\" data-id=\"37e8161\" data-element_type=\"widget\" data-e-type=\"widget\" data-widget_type=\"partdo-icon-box.default\">\n\t\t\t\t<div class=\"elementor-widget-container\">\n\t\t\t\t\t<div class=\"klbth-module klbth-module-iconbox\"><div class=\"iconbox large\"><div class=\"iconbox-icon\"><svg xmlns=\"http:\/\/www.w3.org\/2000\/svg\" xmlns:xlink=\"http:\/\/www.w3.org\/1999\/xlink\" id=\"Capa_1\" x=\"0px\" y=\"0px\" viewBox=\"0 0 200 200\" style=\"enable-background:new 0 0 200 200;\" xml:space=\"preserve\"><path d=\"M42.7,91.4c1,0.9,2.5,0.9,3.5-0.1c0.9-1,0.9-2.5,0-3.4l-12-12l3.5-3.5l19.7,19.7h-3.1c-4.1,0-7.4,3.3-7.4,7.4 s3.3,7.4,7.4,7.4h2.5v34.5c0,19.1,15.5,34.5,34.5,34.5h14.8c19.1,0,34.5-15.5,34.5-34.5v-34.5h2.5c4.1,0,7.4-3.3,7.4-7.4 c0-3.7-2.8-6.8-6.4-7.3l26.5-26.6c2.8-2.9,2.8-7.5,0-10.4l-10.4-10.5c-2.9-2.9-7.6-2.9-10.4,0l-36.2,36.5V35.4 c0-4.1-3.3-7.4-7.4-7.4H91.4c-4.1,0-7.4,3.3-7.4,7.4v41.4L53.4,46.2c-1.2-1.2-3.1-1.7-4.7-1.3l-2.2-2.2c-2.9-2.9-7.6-2.9-10.5,0 l-7,7c-2.9,2.9-2.9,7.6,0,10.5l2.2,2.2c-0.5,1.7,0,3.5,1.3,4.7l1.7,1.7l-3.5,3.5L29,70.7c-0.9-1-2.5-1-3.5-0.1c-1,0.9-1,2.5-0.1,3.5 c0,0,0,0,0.1,0.1L42.7,91.4z M135.8,141.5c0,16.3-13.3,29.6-29.6,29.6H91.4c-16.3,0-29.6-13.3-29.6-29.6v-34.5h74V141.5z  M145.6,99.5c0,1.4-1.1,2.5-2.5,2.5H54.4c-1.4,0-2.5-1.1-2.5-2.5c0-1.4,1.1-2.5,2.5-2.5h88.8C144.5,97.1,145.6,98.2,145.6,99.5z  M158.4,70.9l-21.2,21.3h-10.4l26.4-26.5L158.4,70.9z M153.2,48.2c0.9-1,2.5-1,3.4,0c0,0,0,0,0,0l10.4,10.5c1,1,1,2.5,0,3.5 l-5.2,5.2l-13.9-14L153.2,48.2z M144.6,56.9l5.2,5.2l-29.9,30h-6.3v-3.9L144.6,56.9z M91.4,32.9h14.8c1.4,0,2.5,1.1,2.5,2.5v56.7 H88.9v-7.4h4.9c1.4,0,2.5-1.1,2.5-2.5c0-1.4-1.1-2.5-2.5-2.5h-4.9v-4.9h9.9c1.4,0,2.5-1.1,2.5-2.5c0-1.4-1.1-2.5-2.5-2.5h-9.9V65 h4.9c1.4,0,2.5-1.1,2.5-2.5s-1.1-2.5-2.5-2.5h-4.9v-4.9h4.9c1.4,0,2.5-1.1,2.5-2.5c0-1.4-1.1-2.5-2.5-2.5h-4.9v-4.9h9.9 c1.4,0,2.5-1.1,2.5-2.5c0-1.4-1.1-2.5-2.5-2.5h-9.9v-4.9C88.9,34,90,32.9,91.4,32.9z M84,83.8v8.4H64.4L36,63.7l14-14L84,83.8z  M32.5,53.2l7-7c1-1,2.5-1,3.5,0c0,0,0,0,0,0l1.7,1.7L34.2,58.5l-1.8-1.8C31.5,55.7,31.5,54.2,32.5,53.2z\"><\/path><\/svg><\/div><div class=\"iconbox-detail\"><h3 class=\"entry-title\">Materiales durante todo el a\u00f1o<\/h3><div class=\"entry-description\"><p>Abastecemos con variedad de \u00fatiles, \nel a\u00f1o escolar completo, con las marcas solicitadas.<\/p><\/div><\/div><\/div><\/div>\t\t\t\t<\/div>\n\t\t\t\t<\/div>\n\t\t\t\t\t<\/div>\n\t\t<\/div>\n\t\t\t\t<div class=\"elementor-column elementor-col-33 elementor-top-column elementor-element elementor-element-ddf5ab2\" data-id=\"ddf5ab2\" data-element_type=\"column\" data-e-type=\"column\">\n\t\t\t<div class=\"elementor-widget-wrap elementor-element-populated\">\n\t\t\t\t\t\t<div class=\"elementor-element elementor-element-d6a65e4 elementor-widget elementor-widget-partdo-icon-box\" data-id=\"d6a65e4\" data-element_type=\"widget\" data-e-type=\"widget\" data-widget_type=\"partdo-icon-box.default\">\n\t\t\t\t<div class=\"elementor-widget-container\">\n\t\t\t\t\t<div class=\"klbth-module klbth-module-iconbox\"><div class=\"iconbox large\"><div class=\"iconbox-icon\"><svg xmlns=\"http:\/\/www.w3.org\/2000\/svg\" xmlns:xlink=\"http:\/\/www.w3.org\/1999\/xlink\" id=\"Capa_1\" x=\"0px\" y=\"0px\" viewBox=\"0 0 200 200\" style=\"enable-background:new 0 0 200 200;\" xml:space=\"preserve\"><g>\t<path d=\"M28,28.2v8.2h87.6v50h62l10.2,13.1v35h-15.8c-2.2-12.4-14-20.6-26.4-18.4c-9.4,1.7-16.8,9-18.4,18.4H86.7  c-2.2-12.4-14-20.6-26.4-18.4c-9.4,1.7-16.8,9-18.4,18.4H28v8.2h13.8c2.3,12.4,14.2,20.5,26.6,18.2c9.2-1.7,16.5-9,18.2-18.2h40.6  c2.3,12.4,14.2,20.5,26.6,18.2c9.2-1.7,16.5-9,18.2-18.2h24V96.8l-12.7-16.4l0,0l-19.8-41.7h-39.6V28.2L28,28.2z M64.2,153.1  c-8.1,0-14.6-6.5-14.6-14.6c0-8.1,6.5-14.6,14.6-14.6c8.1,0,14.6,6.5,14.6,14.6c0,0,0,0,0,0C78.8,146.6,72.2,153.1,64.2,153.1z   M149.6,153.1c-8.1,0-14.6-6.5-14.6-14.6c0-8.1,6.5-14.6,14.6-14.6c8.1,0,14.6,6.5,14.6,14.6c0,0,0,0,0,0  C164.2,146.6,157.7,153.1,149.6,153.1L149.6,153.1z M158.3,46.9l15,31.4h-49.4V46.9L158.3,46.9z\"><\/path>\t<rect x=\"12.2\" y=\"103\" width=\"32.8\" height=\"8.2\"><\/rect>\t<rect x=\"2\" y=\"78.4\" width=\"57.4\" height=\"8.2\"><\/rect>\t<rect x=\"12.2\" y=\"53.8\" width=\"57.4\" height=\"8.2\"><\/rect><\/g><\/svg><\/div><div class=\"iconbox-detail\"><h3 class=\"entry-title\">Despacho  o retiro presencial<\/h3><div class=\"entry-description\"><p>Entregamos la lista de \u00fatiles a domicilio o puedes retirar en Las Perdices 2990 Local 33, Pe\u00f1alol\u00e9n.<\/p><\/div><\/div><\/div><\/div>\t\t\t\t<\/div>\n\t\t\t\t<\/div>\n\t\t\t\t\t<\/div>\n\t\t<\/div>\n\t\t\t\t\t<\/div>\n\t\t<\/section>\n\t\t\t\t<section class=\"elementor-section elementor-top-section elementor-element elementor-element-9f2086f elementor-section-boxed elementor-section-height-default elementor-section-height-default\" data-id=\"9f2086f\" data-element_type=\"section\" data-e-type=\"section\">\n\t\t\t\t\t\t<div class=\"elementor-container elementor-column-gap-extended\">\n\t\t\t\t\t<div class=\"elementor-column elementor-col-50 elementor-top-column elementor-element elementor-element-206e1d1\" data-id=\"206e1d1\" data-element_type=\"column\" data-e-type=\"column\">\n\t\t\t<div class=\"elementor-widget-wrap elementor-element-populated\">\n\t\t\t\t\t\t<div class=\"elementor-element elementor-element-ae04d8b elementor-widget elementor-widget-partdo-banner-box\" data-id=\"ae04d8b\" data-element_type=\"widget\" data-e-type=\"widget\" data-widget_type=\"partdo-banner-box.default\">\n\t\t\t\t<div class=\"elementor-widget-container\">\n\t\t\t\t\t<div class=\"klbth-banner style-inner color-scheme-dark space-md align-start justify-start hover-zoom\"><div class=\"entry-wrapper overlay-10-dark-max768 dump\"><div class=\"entry-inner w-70\"><div class=\"entry-heading banner-heading\"><span class=\"badge\">\u00a1VUELVE A CLASES CON TODO!<\/span><h2 class=\"entry-title font-banner-xlg\">Listas escolares 2026<\/h2><\/div><div class=\"entry-excerpt font-sm weight-300\"><p>Dcto. exclusivo Espacio Escolar <\/p><\/div><div class=\"entry-footer vertical banner-footer\"><div class=\"banner-button\"><button href=\"https:\/\/espacioescolar.cl\/es\/categoria\/listas-de-utiles-2026\/\" class=\"btn link\" > Revisa tu colegio aqu\u00ed <i class=\"klbth-icon-arrow-right-long\"><\/i><\/button><\/div><\/div><\/div><\/div><div class=\"entry-media\"><img decoding=\"async\" src=\"https:\/\/espacioescolar.cl\/wp-content\/uploads\/2026\/01\/box-listas-1.webp\" alt=\"slider image\"\/><\/div><a class=\"link-mask\" href=\"https:\/\/espacioescolar.cl\/es\/categoria\/listas-de-utiles-2026\/\" > <\/a><\/div>\t\t\t\t<\/div>\n\t\t\t\t<\/div>\n\t\t\t\t\t<\/div>\n\t\t<\/div>\n\t\t\t\t<div class=\"elementor-column elementor-col-50 elementor-top-column elementor-element elementor-element-2dbb098\" data-id=\"2dbb098\" data-element_type=\"column\" data-e-type=\"column\">\n\t\t\t<div class=\"elementor-widget-wrap elementor-element-populated\">\n\t\t\t\t\t\t<div class=\"elementor-element elementor-element-898b9b9 elementor-widget elementor-widget-partdo-banner-box\" data-id=\"898b9b9\" data-element_type=\"widget\" data-e-type=\"widget\" data-widget_type=\"partdo-banner-box.default\">\n\t\t\t\t<div class=\"elementor-widget-container\">\n\t\t\t\t\t<div class=\"klbth-banner style-inner color-scheme-dark space-md align-start justify-start hover-zoom\"><div class=\"entry-wrapper overlay-10-dark-max768 dump\"><div class=\"entry-inner w-70\"><div class=\"entry-heading banner-heading\"><span class=\"badge\">\u00a1RETIRO EN TIENDA!<\/span><h2 class=\"entry-title font-banner-xlg\">Espacio Hogar<\/h2><\/div><div class=\"entry-excerpt font-sm weight-300\"><p>Las Perdices 2990, Local 33, Pe\u00f1alol\u00e9n. <\/p><\/div><div class=\"entry-footer vertical banner-footer\"><div class=\"banner-button\"><button href=\"\" class=\"btn link\" > Retiro seguro y confiable <i class=\"klbth-icon-arrow-right-long\"><\/i><\/button><\/div><\/div><\/div><\/div><div class=\"entry-media\"><img decoding=\"async\" src=\"https:\/\/espacioescolar.cl\/wp-content\/uploads\/2026\/01\/box-listas-4.webp\" alt=\"slider image\"\/><\/div><a class=\"link-mask\" href=\"\" > <\/a><\/div>\t\t\t\t<\/div>\n\t\t\t\t<\/div>\n\t\t\t\t\t<\/div>\n\t\t<\/div>\n\t\t\t\t\t<\/div>\n\t\t<\/section>\n\t\t\t\t<section class=\"elementor-section elementor-top-section elementor-element elementor-element-1c18469 elementor-section-boxed elementor-section-height-default elementor-section-height-default\" data-id=\"1c18469\" data-element_type=\"section\" data-e-type=\"section\">\n\t\t\t\t\t\t<div class=\"elementor-container elementor-column-gap-extended\">\n\t\t\t\t\t<div class=\"elementor-column elementor-col-100 elementor-top-column elementor-element elementor-element-ea414cd\" data-id=\"ea414cd\" data-element_type=\"column\" data-e-type=\"column\">\n\t\t\t<div class=\"elementor-widget-wrap elementor-element-populated\">\n\t\t\t\t\t\t<div class=\"elementor-element elementor-element-91515f4 elementor-widget elementor-widget-partdo-product-grid\" data-id=\"91515f4\" data-element_type=\"widget\" data-e-type=\"widget\" data-widget_type=\"partdo-product-grid.default\">\n\t\t\t\t<div class=\"elementor-widget-container\">\n\t\t\t\t\t<div class=\"klbth-module klbth-module-product-grid boxed\"><div class=\"klbth-module-header with-border color-danger counter-active align-default\"><h3 class=\"entry-title\">\u00a1Productos Destacados!<\/h3><a class=\"btn link\" href=\"https:\/\/espacioescolar.cl\/es\/categoria\/listas-de-utiles-2026\/\" > Ver todo <i class=\"klbth-icon-arrow-right-long\"><\/i><\/a><\/div><div class=\"module-wrapper\"><div class=\"products gutter-0 column-4 mobile-2 total-8\"><div class=\"column-item product type-product post-4870 status-publish first instock product_cat-boston-college-alto-macul product_cat-listas-de-utiles-2026 product_tag-boston-college-alto-macul product_tag-lista-de-utiles product_tag-playgroup has-post-thumbnail sale featured taxable shipping-taxable purchasable product-type-simple\"><div class=\"product product-type-1\"> <div class=\"product-wrapper\"><div class=\"product-content\"><div class=\"thumbnail-wrapper entry-media\"> <a class=\"product-thumbnail\" href=\"https:\/\/espacioescolar.cl\/es\/producto\/lista-de-utiles-play-group-boston-college-alto-macul-2026\/\"><img decoding=\"async\" src=\"https:\/\/espacioescolar.cl\/wp-content\/uploads\/2024\/01\/boston-college-playgroup-500x500.jpg\" alt=\"Lista de \u00datiles Play Group Boston College Alto Macul 2026\"><\/a><div class=\"product-buttons\"> <div class=\"tinv-wraper woocommerce tinv-wishlist tinvwl-shortcode-add-to-cart tinvwl-partdo_wishlist_action\"\r\n\t data-tinvwl_product_id=\"4870\">\r\n\t<div class=\"tinv-wishlist-clear\"><\/div><a role=\"button\" tabindex=\"0\" name=\"agregar\" aria-label=\"Agregar\" class=\"tinvwl_add_to_wishlist_button tinvwl-icon-heart  tinvwl-position-after\" data-tinv-wl-list=\"[]\" data-tinv-wl-product=\"4870\" data-tinv-wl-productvariation=\"0\" data-tinv-wl-productvariations=\"[]\" data-tinv-wl-producttype=\"simple\" data-tinv-wl-action=\"add\"><span class=\"tinvwl_add_to_wishlist-text\">Agregar<\/span><\/a><div class=\"tinv-wishlist-clear\"><\/div>\t\t<div\r\n\t\tclass=\"tinvwl-tooltip\">Agregar<\/div>\r\n<\/div>\r\n<a href=\"?add-to-compare=4870\" class=\"woosc-btn woosc-btn-4870 \" rel=\"nofollow\" data-text=\"Compare\" data-text_added=\"Compare\" data-id=\"4870\" data-product_id=\"4870\" data-product_name=\"Lista de \u00datiles Play Group Boston College Alto Macul 2026\" data-product_image=\"https:\/\/espacioescolar.cl\/wp-content\/uploads\/2024\/01\/boston-college-playgroup-150x150.jpg\">Compare<\/a><a class=\"detail-bnt quickview\" data-product_id=\"4870\"><i class=\"klbth-icon-eye-empty\"><\/i><\/a> <\/div> <\/div><div class=\"content-wrapper\"><h3 class=\"product-title\"> <a href=\"https:\/\/espacioescolar.cl\/es\/producto\/lista-de-utiles-play-group-boston-college-alto-macul-2026\/\">Lista de \u00datiles Play Group Boston College Alto Macul 2026<\/a><\/h3><span class=\"price\"><del aria-hidden=\"true\"><span class=\"woocommerce-Price-amount amount\"><bdi><span class=\"woocommerce-Price-currencySymbol\">&#36;<\/span>153.190<\/bdi><\/span><\/del> <span class=\"screen-reader-text\">El precio original era: &#036;153.190.<\/span><ins aria-hidden=\"true\"><span class=\"woocommerce-Price-amount amount\"><bdi><span class=\"woocommerce-Price-currencySymbol\">&#36;<\/span>137.870<\/bdi><\/span><\/ins><span class=\"screen-reader-text\">El precio actual es: &#036;137.870.<\/span><\/span><div class=\"product-stock in-stock\"> <i class=\"klbth-icon-ecommerce-package-ready\"><\/i><span>In Stock<\/span><\/div><\/div><\/div><div class=\"product-footer\"><div class=\"product-footer-inner\"> <div class=\"product-footer-details\"> <ul>\r\n \t<li>Antes de pagar, indicar en secci\u00f3n \"comentarios\" Nombre del Alumno<\/li>\r\n \t<li>Curso Play Group<\/li>\r\n \t<li>Colegio Boston College Alto Macul 2026<\/li>\r\n<\/ul><\/div><a href=\"\/es\/wp-json\/wp\/v2\/pages\/1643?add-to-cart=4870\" aria-describedby=\"woocommerce_loop_add_to_cart_link_describedby_4870\" data-quantity=\"1\" class=\"primary  button product_type_simple add_to_cart_button ajax_add_to_cart\" data-product_id=\"4870\" data-product_sku=\"\" aria-label=\"Agregar al carrito: &ldquo;Lista de \u00datiles Play Group Boston College Alto Macul 2026&rdquo;\" rel=\"nofollow\" data-success_message=\"&ldquo;Lista de \u00datiles Play Group Boston College Alto Macul 2026&rdquo; se ha a\u00f1adido a tu carro\" role=\"button\">Agregar a tu carro <i class=\"klbth-icon-shopping-bag\"><\/i><\/a>\t<span id=\"woocommerce_loop_add_to_cart_link_describedby_4870\" class=\"screen-reader-text\">\r\n\t\t\t<\/span>\r\n<\/div><\/div><\/div><div class=\"product-content-fade\"><\/div><\/div><\/div><div class=\"column-item product type-product post-4873 status-publish instock product_cat-boston-college-alto-macul product_cat-listas-de-utiles-2026 product_tag-boston-college-alto-macul product_tag-lista-de-utiles product_tag-pre-kinder has-post-thumbnail sale featured taxable shipping-taxable purchasable product-type-simple\"><div class=\"product product-type-1\"> <div class=\"product-wrapper\"><div class=\"product-content\"><div class=\"thumbnail-wrapper entry-media\"> <a class=\"product-thumbnail\" href=\"https:\/\/espacioescolar.cl\/es\/producto\/lista-de-utiles-pre-kinder-boston-college-alto-macul-2026\/\"><img decoding=\"async\" src=\"https:\/\/espacioescolar.cl\/wp-content\/uploads\/2024\/01\/boston-college-pre-kinder-500x500.jpg\" alt=\"Lista de \u00datiles Pre-Kinder Boston College Alto Macul 2026\"><\/a><div class=\"product-buttons\"> <div class=\"tinv-wraper woocommerce tinv-wishlist tinvwl-shortcode-add-to-cart tinvwl-partdo_wishlist_action\"\r\n\t data-tinvwl_product_id=\"4873\">\r\n\t<div class=\"tinv-wishlist-clear\"><\/div><a role=\"button\" tabindex=\"0\" name=\"agregar\" aria-label=\"Agregar\" class=\"tinvwl_add_to_wishlist_button tinvwl-icon-heart  tinvwl-position-after\" data-tinv-wl-list=\"[]\" data-tinv-wl-product=\"4873\" data-tinv-wl-productvariation=\"0\" data-tinv-wl-productvariations=\"[]\" data-tinv-wl-producttype=\"simple\" data-tinv-wl-action=\"add\"><span class=\"tinvwl_add_to_wishlist-text\">Agregar<\/span><\/a><div class=\"tinv-wishlist-clear\"><\/div>\t\t<div\r\n\t\tclass=\"tinvwl-tooltip\">Agregar<\/div>\r\n<\/div>\r\n<a href=\"?add-to-compare=4873\" class=\"woosc-btn woosc-btn-4873 \" rel=\"nofollow\" data-text=\"Compare\" data-text_added=\"Compare\" data-id=\"4873\" data-product_id=\"4873\" data-product_name=\"Lista de \u00datiles Pre-Kinder Boston College Alto Macul 2026\" data-product_image=\"https:\/\/espacioescolar.cl\/wp-content\/uploads\/2024\/01\/boston-college-pre-kinder-150x150.jpg\">Compare<\/a><a class=\"detail-bnt quickview\" data-product_id=\"4873\"><i class=\"klbth-icon-eye-empty\"><\/i><\/a> <\/div> <\/div><div class=\"content-wrapper\"><h3 class=\"product-title\"> <a href=\"https:\/\/espacioescolar.cl\/es\/producto\/lista-de-utiles-pre-kinder-boston-college-alto-macul-2026\/\">Lista de \u00datiles Pre-Kinder Boston College Alto Macul 2026<\/a><\/h3><span class=\"price\"><del aria-hidden=\"true\"><span class=\"woocommerce-Price-amount amount\"><bdi><span class=\"woocommerce-Price-currencySymbol\">&#36;<\/span>148.180<\/bdi><\/span><\/del> <span class=\"screen-reader-text\">El precio original era: &#036;148.180.<\/span><ins aria-hidden=\"true\"><span class=\"woocommerce-Price-amount amount\"><bdi><span class=\"woocommerce-Price-currencySymbol\">&#36;<\/span>133.360<\/bdi><\/span><\/ins><span class=\"screen-reader-text\">El precio actual es: &#036;133.360.<\/span><\/span><div class=\"product-stock in-stock\"> <i class=\"klbth-icon-ecommerce-package-ready\"><\/i><span>In Stock<\/span><\/div><\/div><\/div><div class=\"product-footer\"><div class=\"product-footer-inner\"> <div class=\"product-footer-details\"> <ul>\r\n \t<li>Antes de pagar, indicar en secci\u00f3n \"comentarios\" Nombre del Alumno<\/li>\r\n \t<li>Curso Pre-Kinder<\/li>\r\n \t<li>Colegio Boston College Alto Macul 2026<\/li>\r\n<\/ul><\/div><a href=\"\/es\/wp-json\/wp\/v2\/pages\/1643?add-to-cart=4873\" aria-describedby=\"woocommerce_loop_add_to_cart_link_describedby_4873\" data-quantity=\"1\" class=\"primary  button product_type_simple add_to_cart_button ajax_add_to_cart\" data-product_id=\"4873\" data-product_sku=\"\" aria-label=\"Agregar al carrito: &ldquo;Lista de \u00datiles Pre-Kinder Boston College Alto Macul 2026&rdquo;\" rel=\"nofollow\" data-success_message=\"&ldquo;Lista de \u00datiles Pre-Kinder Boston College Alto Macul 2026&rdquo; se ha a\u00f1adido a tu carro\" role=\"button\">Agregar a tu carro <i class=\"klbth-icon-shopping-bag\"><\/i><\/a>\t<span id=\"woocommerce_loop_add_to_cart_link_describedby_4873\" class=\"screen-reader-text\">\r\n\t\t\t<\/span>\r\n<\/div><\/div><\/div><div class=\"product-content-fade\"><\/div><\/div><\/div><div class=\"column-item product type-product post-4879 status-publish instock product_cat-boston-college-alto-macul product_cat-listas-de-utiles-2026 product_tag-boston-college-alto-macul product_tag-kinder product_tag-lista-de-utiles has-post-thumbnail sale featured taxable shipping-taxable purchasable product-type-simple\"><div class=\"product product-type-1\"> <div class=\"product-wrapper\"><div class=\"product-content\"><div class=\"thumbnail-wrapper entry-media\"> <a class=\"product-thumbnail\" href=\"https:\/\/espacioescolar.cl\/es\/producto\/lista-de-utiles-kinder-boston-college-alto-macul-2026\/\"><img decoding=\"async\" src=\"https:\/\/espacioescolar.cl\/wp-content\/uploads\/2024\/01\/boston-college-kinder-500x500.jpg\" alt=\"Lista de \u00datiles Kinder Boston College Alto Macul 2026\"><\/a><div class=\"product-buttons\"> <div class=\"tinv-wraper woocommerce tinv-wishlist tinvwl-shortcode-add-to-cart tinvwl-partdo_wishlist_action\"\r\n\t data-tinvwl_product_id=\"4879\">\r\n\t<div class=\"tinv-wishlist-clear\"><\/div><a role=\"button\" tabindex=\"0\" name=\"agregar\" aria-label=\"Agregar\" class=\"tinvwl_add_to_wishlist_button tinvwl-icon-heart  tinvwl-position-after\" data-tinv-wl-list=\"[]\" data-tinv-wl-product=\"4879\" data-tinv-wl-productvariation=\"0\" data-tinv-wl-productvariations=\"[]\" data-tinv-wl-producttype=\"simple\" data-tinv-wl-action=\"add\"><span class=\"tinvwl_add_to_wishlist-text\">Agregar<\/span><\/a><div class=\"tinv-wishlist-clear\"><\/div>\t\t<div\r\n\t\tclass=\"tinvwl-tooltip\">Agregar<\/div>\r\n<\/div>\r\n<a href=\"?add-to-compare=4879\" class=\"woosc-btn woosc-btn-4879 \" rel=\"nofollow\" data-text=\"Compare\" data-text_added=\"Compare\" data-id=\"4879\" data-product_id=\"4879\" data-product_name=\"Lista de \u00datiles Kinder Boston College Alto Macul 2026\" data-product_image=\"https:\/\/espacioescolar.cl\/wp-content\/uploads\/2024\/01\/boston-college-kinder-150x150.jpg\">Compare<\/a><a class=\"detail-bnt quickview\" data-product_id=\"4879\"><i class=\"klbth-icon-eye-empty\"><\/i><\/a> <\/div> <\/div><div class=\"content-wrapper\"><h3 class=\"product-title\"> <a href=\"https:\/\/espacioescolar.cl\/es\/producto\/lista-de-utiles-kinder-boston-college-alto-macul-2026\/\">Lista de \u00datiles Kinder Boston College Alto Macul 2026<\/a><\/h3><span class=\"price\"><del aria-hidden=\"true\"><span class=\"woocommerce-Price-amount amount\"><bdi><span class=\"woocommerce-Price-currencySymbol\">&#36;<\/span>158.160<\/bdi><\/span><\/del> <span class=\"screen-reader-text\">El precio original era: &#036;158.160.<\/span><ins aria-hidden=\"true\"><span class=\"woocommerce-Price-amount amount\"><bdi><span class=\"woocommerce-Price-currencySymbol\">&#36;<\/span>142.340<\/bdi><\/span><\/ins><span class=\"screen-reader-text\">El precio actual es: &#036;142.340.<\/span><\/span><div class=\"product-stock in-stock\"> <i class=\"klbth-icon-ecommerce-package-ready\"><\/i><span>In Stock<\/span><\/div><\/div><\/div><div class=\"product-footer\"><div class=\"product-footer-inner\"> <div class=\"product-footer-details\"> <ul>\r\n \t<li>Antes de pagar, indicar en secci\u00f3n \"comentarios\" Nombre del Alumno<\/li>\r\n \t<li>Curso Kinder<\/li>\r\n \t<li>Colegio Boston College Alto Macul 2026<\/li>\r\n<\/ul><\/div><a href=\"\/es\/wp-json\/wp\/v2\/pages\/1643?add-to-cart=4879\" aria-describedby=\"woocommerce_loop_add_to_cart_link_describedby_4879\" data-quantity=\"1\" class=\"primary  button product_type_simple add_to_cart_button ajax_add_to_cart\" data-product_id=\"4879\" data-product_sku=\"\" aria-label=\"Agregar al carrito: &ldquo;Lista de \u00datiles Kinder Boston College Alto Macul 2026&rdquo;\" rel=\"nofollow\" data-success_message=\"&ldquo;Lista de \u00datiles Kinder Boston College Alto Macul 2026&rdquo; se ha a\u00f1adido a tu carro\" role=\"button\">Agregar a tu carro <i class=\"klbth-icon-shopping-bag\"><\/i><\/a>\t<span id=\"woocommerce_loop_add_to_cart_link_describedby_4879\" class=\"screen-reader-text\">\r\n\t\t\t<\/span>\r\n<\/div><\/div><\/div><div class=\"product-content-fade\"><\/div><\/div><\/div><div class=\"column-item product type-product post-4881 status-publish last instock product_cat-boston-college-alto-macul product_cat-listas-de-utiles-2026 product_tag-1ero-basico product_tag-boston-college-alto-macul product_tag-lista-de-utiles has-post-thumbnail sale featured taxable shipping-taxable purchasable product-type-simple\"><div class=\"product product-type-1\"> <div class=\"product-wrapper\"><div class=\"product-content\"><div class=\"thumbnail-wrapper entry-media\"> <a class=\"product-thumbnail\" href=\"https:\/\/espacioescolar.cl\/es\/producto\/lista-de-utiles-1ero-basico-boston-college-alto-macul-2026\/\"><img decoding=\"async\" src=\"https:\/\/espacioescolar.cl\/wp-content\/uploads\/2024\/01\/boston-college-primero-basico-500x500.jpg\" alt=\"Lista de \u00datiles 1ero B\u00e1sico Boston College Alto Macul 2026\"><\/a><div class=\"product-buttons\"> <div class=\"tinv-wraper woocommerce tinv-wishlist tinvwl-shortcode-add-to-cart tinvwl-partdo_wishlist_action\"\r\n\t data-tinvwl_product_id=\"4881\">\r\n\t<div class=\"tinv-wishlist-clear\"><\/div><a role=\"button\" tabindex=\"0\" name=\"agregar\" aria-label=\"Agregar\" class=\"tinvwl_add_to_wishlist_button tinvwl-icon-heart  tinvwl-position-after\" data-tinv-wl-list=\"[]\" data-tinv-wl-product=\"4881\" data-tinv-wl-productvariation=\"0\" data-tinv-wl-productvariations=\"[]\" data-tinv-wl-producttype=\"simple\" data-tinv-wl-action=\"add\"><span class=\"tinvwl_add_to_wishlist-text\">Agregar<\/span><\/a><div class=\"tinv-wishlist-clear\"><\/div>\t\t<div\r\n\t\tclass=\"tinvwl-tooltip\">Agregar<\/div>\r\n<\/div>\r\n<a href=\"?add-to-compare=4881\" class=\"woosc-btn woosc-btn-4881 \" rel=\"nofollow\" data-text=\"Compare\" data-text_added=\"Compare\" data-id=\"4881\" data-product_id=\"4881\" data-product_name=\"Lista de \u00datiles 1ero B\u00e1sico Boston College Alto Macul 2026\" data-product_image=\"https:\/\/espacioescolar.cl\/wp-content\/uploads\/2024\/01\/boston-college-primero-basico-150x150.jpg\">Compare<\/a><a class=\"detail-bnt quickview\" data-product_id=\"4881\"><i class=\"klbth-icon-eye-empty\"><\/i><\/a> <\/div> <\/div><div class=\"content-wrapper\"><h3 class=\"product-title\"> <a href=\"https:\/\/espacioescolar.cl\/es\/producto\/lista-de-utiles-1ero-basico-boston-college-alto-macul-2026\/\">Lista de \u00datiles 1ero B\u00e1sico Boston College Alto Macul 2026<\/a><\/h3><span class=\"price\"><del aria-hidden=\"true\"><span class=\"woocommerce-Price-amount amount\"><bdi><span class=\"woocommerce-Price-currencySymbol\">&#36;<\/span>148.290<\/bdi><\/span><\/del> <span class=\"screen-reader-text\">El precio original era: &#036;148.290.<\/span><ins aria-hidden=\"true\"><span class=\"woocommerce-Price-amount amount\"><bdi><span class=\"woocommerce-Price-currencySymbol\">&#36;<\/span>133.460<\/bdi><\/span><\/ins><span class=\"screen-reader-text\">El precio actual es: &#036;133.460.<\/span><\/span><div class=\"product-stock in-stock\"> <i class=\"klbth-icon-ecommerce-package-ready\"><\/i><span>In Stock<\/span><\/div><\/div><\/div><div class=\"product-footer\"><div class=\"product-footer-inner\"> <div class=\"product-footer-details\"> <ul>\r\n \t<li>Antes de pagar, indicar en secci\u00f3n \"comentarios\" Nombre del Alumno<\/li>\r\n \t<li>Curso 1ero. B\u00e1sico<\/li>\r\n \t<li>Colegio Boston College Alto Macul 2026<\/li>\r\n<\/ul><\/div><a href=\"\/es\/wp-json\/wp\/v2\/pages\/1643?add-to-cart=4881\" aria-describedby=\"woocommerce_loop_add_to_cart_link_describedby_4881\" data-quantity=\"1\" class=\"primary  button product_type_simple add_to_cart_button ajax_add_to_cart\" data-product_id=\"4881\" data-product_sku=\"\" aria-label=\"Agregar al carrito: &ldquo;Lista de \u00datiles 1ero B\u00e1sico Boston College Alto Macul 2026&rdquo;\" rel=\"nofollow\" data-success_message=\"&ldquo;Lista de \u00datiles 1ero B\u00e1sico Boston College Alto Macul 2026&rdquo; se ha a\u00f1adido a tu carro\" role=\"button\">Agregar a tu carro <i class=\"klbth-icon-shopping-bag\"><\/i><\/a>\t<span id=\"woocommerce_loop_add_to_cart_link_describedby_4881\" class=\"screen-reader-text\">\r\n\t\t\t<\/span>\r\n<\/div><\/div><\/div><div class=\"product-content-fade\"><\/div><\/div><\/div><div class=\"column-item product type-product post-4885 status-publish first instock product_cat-boston-college-alto-macul product_cat-listas-de-utiles-2026 product_tag-2do-basico product_tag-boston-college-alto-macul product_tag-lista-de-utiles has-post-thumbnail sale featured taxable shipping-taxable purchasable product-type-simple\"><div class=\"product product-type-1\"> <div class=\"product-wrapper\"><div class=\"product-content\"><div class=\"thumbnail-wrapper entry-media\"> <a class=\"product-thumbnail\" href=\"https:\/\/espacioescolar.cl\/es\/producto\/lista-de-utiles-2do-basico-boston-college-alto-macul-2026\/\"><img decoding=\"async\" src=\"https:\/\/espacioescolar.cl\/wp-content\/uploads\/2024\/01\/boston-college-segundo-basico-500x500.jpg\" alt=\"Lista de \u00datiles 2do B\u00e1sico Boston College Alto Macul 2026\"><\/a><div class=\"product-buttons\"> <div class=\"tinv-wraper woocommerce tinv-wishlist tinvwl-shortcode-add-to-cart tinvwl-partdo_wishlist_action\"\r\n\t data-tinvwl_product_id=\"4885\">\r\n\t<div class=\"tinv-wishlist-clear\"><\/div><a role=\"button\" tabindex=\"0\" name=\"agregar\" aria-label=\"Agregar\" class=\"tinvwl_add_to_wishlist_button tinvwl-icon-heart  tinvwl-position-after\" data-tinv-wl-list=\"[]\" data-tinv-wl-product=\"4885\" data-tinv-wl-productvariation=\"0\" data-tinv-wl-productvariations=\"[]\" data-tinv-wl-producttype=\"simple\" data-tinv-wl-action=\"add\"><span class=\"tinvwl_add_to_wishlist-text\">Agregar<\/span><\/a><div class=\"tinv-wishlist-clear\"><\/div>\t\t<div\r\n\t\tclass=\"tinvwl-tooltip\">Agregar<\/div>\r\n<\/div>\r\n<a href=\"?add-to-compare=4885\" class=\"woosc-btn woosc-btn-4885 \" rel=\"nofollow\" data-text=\"Compare\" data-text_added=\"Compare\" data-id=\"4885\" data-product_id=\"4885\" data-product_name=\"Lista de \u00datiles 2do B\u00e1sico Boston College Alto Macul 2026\" data-product_image=\"https:\/\/espacioescolar.cl\/wp-content\/uploads\/2024\/01\/boston-college-segundo-basico-150x150.jpg\">Compare<\/a><a class=\"detail-bnt quickview\" data-product_id=\"4885\"><i class=\"klbth-icon-eye-empty\"><\/i><\/a> <\/div> <\/div><div class=\"content-wrapper\"><h3 class=\"product-title\"> <a href=\"https:\/\/espacioescolar.cl\/es\/producto\/lista-de-utiles-2do-basico-boston-college-alto-macul-2026\/\">Lista de \u00datiles 2do B\u00e1sico Boston College Alto Macul 2026<\/a><\/h3><span class=\"price\"><del aria-hidden=\"true\"><span class=\"woocommerce-Price-amount amount\"><bdi><span class=\"woocommerce-Price-currencySymbol\">&#36;<\/span>165.970<\/bdi><\/span><\/del> <span class=\"screen-reader-text\">El precio original era: &#036;165.970.<\/span><ins aria-hidden=\"true\"><span class=\"woocommerce-Price-amount amount\"><bdi><span class=\"woocommerce-Price-currencySymbol\">&#36;<\/span>149.370<\/bdi><\/span><\/ins><span class=\"screen-reader-text\">El precio actual es: &#036;149.370.<\/span><\/span><div class=\"product-stock in-stock\"> <i class=\"klbth-icon-ecommerce-package-ready\"><\/i><span>In Stock<\/span><\/div><\/div><\/div><div class=\"product-footer\"><div class=\"product-footer-inner\"> <div class=\"product-footer-details\"> <ul>\r\n \t<li>Antes de pagar, indicar en secci\u00f3n \"comentarios\" Nombre del Alumno<\/li>\r\n \t<li>Curso 2do. B\u00e1sico<\/li>\r\n \t<li>Colegio Boston College Alto Macul 2026<\/li>\r\n<\/ul><\/div><a href=\"\/es\/wp-json\/wp\/v2\/pages\/1643?add-to-cart=4885\" aria-describedby=\"woocommerce_loop_add_to_cart_link_describedby_4885\" data-quantity=\"1\" class=\"primary  button product_type_simple add_to_cart_button ajax_add_to_cart\" data-product_id=\"4885\" data-product_sku=\"\" aria-label=\"Agregar al carrito: &ldquo;Lista de \u00datiles 2do B\u00e1sico Boston College Alto Macul 2026&rdquo;\" rel=\"nofollow\" data-success_message=\"&ldquo;Lista de \u00datiles 2do B\u00e1sico Boston College Alto Macul 2026&rdquo; se ha a\u00f1adido a tu carro\" role=\"button\">Agregar a tu carro <i class=\"klbth-icon-shopping-bag\"><\/i><\/a>\t<span id=\"woocommerce_loop_add_to_cart_link_describedby_4885\" class=\"screen-reader-text\">\r\n\t\t\t<\/span>\r\n<\/div><\/div><\/div><div class=\"product-content-fade\"><\/div><\/div><\/div><div class=\"column-item product type-product post-4888 status-publish instock product_cat-boston-college-alto-macul product_cat-listas-de-utiles-2026 product_tag-3ero-basico product_tag-boston-college-alto-macul product_tag-lista-de-utiles has-post-thumbnail sale featured taxable shipping-taxable purchasable product-type-simple\"><div class=\"product product-type-1\"> <div class=\"product-wrapper\"><div class=\"product-content\"><div class=\"thumbnail-wrapper entry-media\"> <a class=\"product-thumbnail\" href=\"https:\/\/espacioescolar.cl\/es\/producto\/lista-de-utiles-3ero-basico-boston-college-alto-macul-2026\/\"><img decoding=\"async\" src=\"https:\/\/espacioescolar.cl\/wp-content\/uploads\/2024\/01\/boston-college-tercero-basico-500x500.jpg\" alt=\"Lista de \u00datiles 3ero B\u00e1sico Boston College Alto Macul 2026\"><\/a><div class=\"product-buttons\"> <div class=\"tinv-wraper woocommerce tinv-wishlist tinvwl-shortcode-add-to-cart tinvwl-partdo_wishlist_action\"\r\n\t data-tinvwl_product_id=\"4888\">\r\n\t<div class=\"tinv-wishlist-clear\"><\/div><a role=\"button\" tabindex=\"0\" name=\"agregar\" aria-label=\"Agregar\" class=\"tinvwl_add_to_wishlist_button tinvwl-icon-heart  tinvwl-position-after\" data-tinv-wl-list=\"[]\" data-tinv-wl-product=\"4888\" data-tinv-wl-productvariation=\"0\" data-tinv-wl-productvariations=\"[]\" data-tinv-wl-producttype=\"simple\" data-tinv-wl-action=\"add\"><span class=\"tinvwl_add_to_wishlist-text\">Agregar<\/span><\/a><div class=\"tinv-wishlist-clear\"><\/div>\t\t<div\r\n\t\tclass=\"tinvwl-tooltip\">Agregar<\/div>\r\n<\/div>\r\n<a href=\"?add-to-compare=4888\" class=\"woosc-btn woosc-btn-4888 \" rel=\"nofollow\" data-text=\"Compare\" data-text_added=\"Compare\" data-id=\"4888\" data-product_id=\"4888\" data-product_name=\"Lista de \u00datiles 3ero B\u00e1sico Boston College Alto Macul 2026\" data-product_image=\"https:\/\/espacioescolar.cl\/wp-content\/uploads\/2024\/01\/boston-college-tercero-basico-150x150.jpg\">Compare<\/a><a class=\"detail-bnt quickview\" data-product_id=\"4888\"><i class=\"klbth-icon-eye-empty\"><\/i><\/a> <\/div> <\/div><div class=\"content-wrapper\"><h3 class=\"product-title\"> <a href=\"https:\/\/espacioescolar.cl\/es\/producto\/lista-de-utiles-3ero-basico-boston-college-alto-macul-2026\/\">Lista de \u00datiles 3ero B\u00e1sico Boston College Alto Macul 2026<\/a><\/h3><span class=\"price\"><del aria-hidden=\"true\"><span class=\"woocommerce-Price-amount amount\"><bdi><span class=\"woocommerce-Price-currencySymbol\">&#36;<\/span>122.680<\/bdi><\/span><\/del> <span class=\"screen-reader-text\">El precio original era: &#036;122.680.<\/span><ins aria-hidden=\"true\"><span class=\"woocommerce-Price-amount amount\"><bdi><span class=\"woocommerce-Price-currencySymbol\">&#36;<\/span>110.410<\/bdi><\/span><\/ins><span class=\"screen-reader-text\">El precio actual es: &#036;110.410.<\/span><\/span><div class=\"product-stock in-stock\"> <i class=\"klbth-icon-ecommerce-package-ready\"><\/i><span>In Stock<\/span><\/div><\/div><\/div><div class=\"product-footer\"><div class=\"product-footer-inner\"> <div class=\"product-footer-details\"> <ul>\r\n \t<li>Antes de pagar, indicar en secci\u00f3n \"comentarios\" Nombre del Alumno<\/li>\r\n \t<li>Curso 3ero. B\u00e1sico<\/li>\r\n \t<li>Colegio Boston College Alto Macul 2026<\/li>\r\n<\/ul><\/div><a href=\"\/es\/wp-json\/wp\/v2\/pages\/1643?add-to-cart=4888\" aria-describedby=\"woocommerce_loop_add_to_cart_link_describedby_4888\" data-quantity=\"1\" class=\"primary  button product_type_simple add_to_cart_button ajax_add_to_cart\" data-product_id=\"4888\" data-product_sku=\"\" aria-label=\"Agregar al carrito: &ldquo;Lista de \u00datiles 3ero B\u00e1sico Boston College Alto Macul 2026&rdquo;\" rel=\"nofollow\" data-success_message=\"&ldquo;Lista de \u00datiles 3ero B\u00e1sico Boston College Alto Macul 2026&rdquo; se ha a\u00f1adido a tu carro\" role=\"button\">Agregar a tu carro <i class=\"klbth-icon-shopping-bag\"><\/i><\/a>\t<span id=\"woocommerce_loop_add_to_cart_link_describedby_4888\" class=\"screen-reader-text\">\r\n\t\t\t<\/span>\r\n<\/div><\/div><\/div><div class=\"product-content-fade\"><\/div><\/div><\/div><div class=\"column-item product type-product post-4890 status-publish instock product_cat-boston-college-alto-macul product_cat-listas-de-utiles-2026 product_tag-4to-basico product_tag-boston-college-alto-macul product_tag-lista-de-utiles has-post-thumbnail sale featured taxable shipping-taxable purchasable product-type-simple\"><div class=\"product product-type-1\"> <div class=\"product-wrapper\"><div class=\"product-content\"><div class=\"thumbnail-wrapper entry-media\"> <a class=\"product-thumbnail\" href=\"https:\/\/espacioescolar.cl\/es\/producto\/lista-de-utiles-4to-basico-boston-college-alto-macul-2026\/\"><img decoding=\"async\" src=\"https:\/\/espacioescolar.cl\/wp-content\/uploads\/2024\/01\/boston-college-cuarto-basico-500x500.jpg\" alt=\"Lista de \u00datiles 4to B\u00e1sico Boston College Alto Macul 2026\"><\/a><div class=\"product-buttons\"> <div class=\"tinv-wraper woocommerce tinv-wishlist tinvwl-shortcode-add-to-cart tinvwl-partdo_wishlist_action\"\r\n\t data-tinvwl_product_id=\"4890\">\r\n\t<div class=\"tinv-wishlist-clear\"><\/div><a role=\"button\" tabindex=\"0\" name=\"agregar\" aria-label=\"Agregar\" class=\"tinvwl_add_to_wishlist_button tinvwl-icon-heart  tinvwl-position-after\" data-tinv-wl-list=\"[]\" data-tinv-wl-product=\"4890\" data-tinv-wl-productvariation=\"0\" data-tinv-wl-productvariations=\"[]\" data-tinv-wl-producttype=\"simple\" data-tinv-wl-action=\"add\"><span class=\"tinvwl_add_to_wishlist-text\">Agregar<\/span><\/a><div class=\"tinv-wishlist-clear\"><\/div>\t\t<div\r\n\t\tclass=\"tinvwl-tooltip\">Agregar<\/div>\r\n<\/div>\r\n<a href=\"?add-to-compare=4890\" class=\"woosc-btn woosc-btn-4890 \" rel=\"nofollow\" data-text=\"Compare\" data-text_added=\"Compare\" data-id=\"4890\" data-product_id=\"4890\" data-product_name=\"Lista de \u00datiles 4to B\u00e1sico Boston College Alto Macul 2026\" data-product_image=\"https:\/\/espacioescolar.cl\/wp-content\/uploads\/2024\/01\/boston-college-cuarto-basico-150x150.jpg\">Compare<\/a><a class=\"detail-bnt quickview\" data-product_id=\"4890\"><i class=\"klbth-icon-eye-empty\"><\/i><\/a> <\/div> <\/div><div class=\"content-wrapper\"><h3 class=\"product-title\"> <a href=\"https:\/\/espacioescolar.cl\/es\/producto\/lista-de-utiles-4to-basico-boston-college-alto-macul-2026\/\">Lista de \u00datiles 4to B\u00e1sico Boston College Alto Macul 2026<\/a><\/h3><span class=\"price\"><del aria-hidden=\"true\"><span class=\"woocommerce-Price-amount amount\"><bdi><span class=\"woocommerce-Price-currencySymbol\">&#36;<\/span>148.670<\/bdi><\/span><\/del> <span class=\"screen-reader-text\">El precio original era: &#036;148.670.<\/span><ins aria-hidden=\"true\"><span class=\"woocommerce-Price-amount amount\"><bdi><span class=\"woocommerce-Price-currencySymbol\">&#36;<\/span>133.800<\/bdi><\/span><\/ins><span class=\"screen-reader-text\">El precio actual es: &#036;133.800.<\/span><\/span><div class=\"product-stock in-stock\"> <i class=\"klbth-icon-ecommerce-package-ready\"><\/i><span>In Stock<\/span><\/div><\/div><\/div><div class=\"product-footer\"><div class=\"product-footer-inner\"> <div class=\"product-footer-details\"> <ul>\r\n \t<li>Antes de pagar, indicar en secci\u00f3n \"comentarios\" Nombre del Alumno<\/li>\r\n \t<li>Curso 4to. B\u00e1sico<\/li>\r\n \t<li>Colegio Boston College Alto Macul 2026<\/li>\r\n<\/ul><\/div><a href=\"\/es\/wp-json\/wp\/v2\/pages\/1643?add-to-cart=4890\" aria-describedby=\"woocommerce_loop_add_to_cart_link_describedby_4890\" data-quantity=\"1\" class=\"primary  button product_type_simple add_to_cart_button ajax_add_to_cart\" data-product_id=\"4890\" data-product_sku=\"\" aria-label=\"Agregar al carrito: &ldquo;Lista de \u00datiles 4to B\u00e1sico Boston College Alto Macul 2026&rdquo;\" rel=\"nofollow\" data-success_message=\"&ldquo;Lista de \u00datiles 4to B\u00e1sico Boston College Alto Macul 2026&rdquo; se ha a\u00f1adido a tu carro\" role=\"button\">Agregar a tu carro <i class=\"klbth-icon-shopping-bag\"><\/i><\/a>\t<span id=\"woocommerce_loop_add_to_cart_link_describedby_4890\" class=\"screen-reader-text\">\r\n\t\t\t<\/span>\r\n<\/div><\/div><\/div><div class=\"product-content-fade\"><\/div><\/div><\/div><div class=\"column-item product type-product post-4892 status-publish last instock product_cat-boston-college-alto-macul product_cat-listas-de-utiles-2026 product_tag-5to-basico product_tag-boston-college-alto-macul product_tag-lista-de-utiles has-post-thumbnail sale featured taxable shipping-taxable purchasable product-type-simple\"><div class=\"product product-type-1\"> <div class=\"product-wrapper\"><div class=\"product-content\"><div class=\"thumbnail-wrapper entry-media\"> <a class=\"product-thumbnail\" href=\"https:\/\/espacioescolar.cl\/es\/producto\/lista-de-utiles-5to-basico-boston-college-alto-macul-2026\/\"><img decoding=\"async\" src=\"https:\/\/espacioescolar.cl\/wp-content\/uploads\/2024\/01\/boston-college-quinto-basico-500x500.jpg\" alt=\"Lista de \u00datiles 5to B\u00e1sico Boston College Alto Macul 2026\"><\/a><div class=\"product-buttons\"> <div class=\"tinv-wraper woocommerce tinv-wishlist tinvwl-shortcode-add-to-cart tinvwl-partdo_wishlist_action\"\r\n\t data-tinvwl_product_id=\"4892\">\r\n\t<div class=\"tinv-wishlist-clear\"><\/div><a role=\"button\" tabindex=\"0\" name=\"agregar\" aria-label=\"Agregar\" class=\"tinvwl_add_to_wishlist_button tinvwl-icon-heart  tinvwl-position-after\" data-tinv-wl-list=\"[]\" data-tinv-wl-product=\"4892\" data-tinv-wl-productvariation=\"0\" data-tinv-wl-productvariations=\"[]\" data-tinv-wl-producttype=\"simple\" data-tinv-wl-action=\"add\"><span class=\"tinvwl_add_to_wishlist-text\">Agregar<\/span><\/a><div class=\"tinv-wishlist-clear\"><\/div>\t\t<div\r\n\t\tclass=\"tinvwl-tooltip\">Agregar<\/div>\r\n<\/div>\r\n<a href=\"?add-to-compare=4892\" class=\"woosc-btn woosc-btn-4892 \" rel=\"nofollow\" data-text=\"Compare\" data-text_added=\"Compare\" data-id=\"4892\" data-product_id=\"4892\" data-product_name=\"Lista de \u00datiles 5to B\u00e1sico Boston College Alto Macul 2026\" data-product_image=\"https:\/\/espacioescolar.cl\/wp-content\/uploads\/2024\/01\/boston-college-quinto-basico-150x150.jpg\">Compare<\/a><a class=\"detail-bnt quickview\" data-product_id=\"4892\"><i class=\"klbth-icon-eye-empty\"><\/i><\/a> <\/div> <\/div><div class=\"content-wrapper\"><h3 class=\"product-title\"> <a href=\"https:\/\/espacioescolar.cl\/es\/producto\/lista-de-utiles-5to-basico-boston-college-alto-macul-2026\/\">Lista de \u00datiles 5to B\u00e1sico Boston College Alto Macul 2026<\/a><\/h3><span class=\"price\"><del aria-hidden=\"true\"><span class=\"woocommerce-Price-amount amount\"><bdi><span class=\"woocommerce-Price-currencySymbol\">&#36;<\/span>94.790<\/bdi><\/span><\/del> <span class=\"screen-reader-text\">El precio original era: &#036;94.790.<\/span><ins aria-hidden=\"true\"><span class=\"woocommerce-Price-amount amount\"><bdi><span class=\"woocommerce-Price-currencySymbol\">&#36;<\/span>85.310<\/bdi><\/span><\/ins><span class=\"screen-reader-text\">El precio actual es: &#036;85.310.<\/span><\/span><div class=\"product-stock in-stock\"> <i class=\"klbth-icon-ecommerce-package-ready\"><\/i><span>In Stock<\/span><\/div><\/div><\/div><div class=\"product-footer\"><div class=\"product-footer-inner\"> <div class=\"product-footer-details\"> <ul>\r\n \t<li>Antes de pagar, indicar en secci\u00f3n \"comentarios\" Nombre del Alumno<\/li>\r\n \t<li>Curso 5to. B\u00e1sico<\/li>\r\n \t<li>Colegio Boston College Alto Macul 2026<\/li>\r\n<\/ul><\/div><a href=\"\/es\/wp-json\/wp\/v2\/pages\/1643?add-to-cart=4892\" aria-describedby=\"woocommerce_loop_add_to_cart_link_describedby_4892\" data-quantity=\"1\" class=\"primary  button product_type_simple add_to_cart_button ajax_add_to_cart\" data-product_id=\"4892\" data-product_sku=\"\" aria-label=\"Agregar al carrito: &ldquo;Lista de \u00datiles 5to B\u00e1sico Boston College Alto Macul 2026&rdquo;\" rel=\"nofollow\" data-success_message=\"&ldquo;Lista de \u00datiles 5to B\u00e1sico Boston College Alto Macul 2026&rdquo; se ha a\u00f1adido a tu carro\" role=\"button\">Agregar a tu carro <i class=\"klbth-icon-shopping-bag\"><\/i><\/a>\t<span id=\"woocommerce_loop_add_to_cart_link_describedby_4892\" class=\"screen-reader-text\">\r\n\t\t\t<\/span>\r\n<\/div><\/div><\/div><div class=\"product-content-fade\"><\/div><\/div><\/div><\/div><\/div><\/div>\t\t\t\t<\/div>\n\t\t\t\t<\/div>\n\t\t\t\t\t<\/div>\n\t\t<\/div>\n\t\t\t\t\t<\/div>\n\t\t<\/section>\n\t\t\t\t<section class=\"elementor-section elementor-top-section elementor-element elementor-element-cfaf51d elementor-section-boxed elementor-section-height-default elementor-section-height-default\" data-id=\"cfaf51d\" data-element_type=\"section\" data-e-type=\"section\">\n\t\t\t\t\t\t<div class=\"elementor-container elementor-column-gap-extended\">\n\t\t\t\t\t<div class=\"elementor-column elementor-col-100 elementor-top-column elementor-element elementor-element-8bcdb04\" data-id=\"8bcdb04\" data-element_type=\"column\" data-e-type=\"column\">\n\t\t\t<div class=\"elementor-widget-wrap elementor-element-populated\">\n\t\t\t\t\t\t<div class=\"elementor-element elementor-element-be87fc0 elementor-widget elementor-widget-partdo-text-banner\" data-id=\"be87fc0\" data-element_type=\"widget\" data-e-type=\"widget\" data-widget_type=\"partdo-text-banner.default\">\n\t\t\t\t<div class=\"elementor-widget-container\">\n\t\t\t\t\t<div class=\"klbth-coupon-banner style-1\"><a class=\"coupon-wrapper\" href=\"https:\/\/espacioescolar.cl\/es\/categoria\/listas-de-utiles-2026\/\" ><div class=\"coupon-sale\">10<span>%<\/span><\/div><div class=\"text-wrap\"><div class=\"coupon-title\">Boston College Alto Macul, Colegio Mayor, Colegio Pumahue, Colegio PDV Pe\u00f1alol\u00e9n.<\/div><div class=\"coupon-description\">Beneficio exclusivo en listas de \u00fatiles para todo el colegio<\/div><\/div><div class=\"sale-overflow\">10<span>%<\/span><\/div><div class=\"coupon-code\">\u00a1Comprar lista!<\/div><\/a><\/div>\t\t\t\t<\/div>\n\t\t\t\t<\/div>\n\t\t\t\t\t<\/div>\n\t\t<\/div>\n\t\t\t\t\t<\/div>\n\t\t<\/section>\n\t\t\t\t<section class=\"elementor-section elementor-top-section elementor-element elementor-element-90dc1a2 elementor-section-boxed elementor-section-height-default elementor-section-height-default\" data-id=\"90dc1a2\" data-element_type=\"section\" data-e-type=\"section\">\n\t\t\t\t\t\t<div class=\"elementor-container elementor-column-gap-extended\">\n\t\t\t\t\t<div class=\"elementor-column elementor-col-100 elementor-top-column elementor-element elementor-element-3da234c\" data-id=\"3da234c\" data-element_type=\"column\" data-e-type=\"column\">\n\t\t\t<div class=\"elementor-widget-wrap elementor-element-populated\">\n\t\t\t\t\t\t<div class=\"elementor-element elementor-element-bcdac55 elementor-widget elementor-widget-partdo-category-banner\" data-id=\"bcdac55\" data-element_type=\"widget\" data-e-type=\"widget\" data-widget_type=\"partdo-category-banner.default\">\n\t\t\t\t<div class=\"elementor-widget-container\">\n\t\t\t\t\t<div class=\"klbth-module klbth-module-category-products style-4\"><div class=\"klbth-module-body\"><div class=\"klbth-module-wrapper image-left\"><div class=\"block-column banner-column\"><div class=\"klbth-banner style-inner color-scheme-dark space-md align-start justify-start hover-zoom\"><div class=\"entry-wrapper overlay-25-dark-max768 dump\"><div class=\"entry-inner w-70\"><div class=\"entry-heading banner-heading\"><span class=\"badge\">Arte<\/span><h2 class=\"entry-title font-banner-xlg\">Insp\u00edrate para crear tus obras de arte.<\/h2><\/div><div class=\"entry-excerpt font-sm weight-300\"><p> <\/p><\/div><div class=\"entry-footer vertical banner-footer\"><div class=\"banner-button\"><button href=\"https:\/\/espacioescolar.cl\/es\/categoria\/arte\/\"  class=\"btn link\"> Ver todos los elementos aqu\u00ed <i class=\"klbth-icon-arrow-right-long\"><\/i><\/button><\/div><\/div><\/div><\/div><div class=\"entry-media\"><img decoding=\"async\" src=\"https:\/\/espacioescolar.cl\/wp-content\/uploads\/2023\/11\/ee-arte.webp\" alt=\"slider image\"\/><\/div><a class=\"link-mask\" href=\"https:\/\/espacioescolar.cl\/es\/categoria\/arte\/\" > <\/a><\/div><\/div><div class=\"block-column products-column\"><div class=\"products gutter-0 column-3 mobile-2\"><div class=\"column-item product type-product post-5303 status-publish first instock product_cat-escritura product_cat-lapices-carboncillo product_cat-mi-estuche product_tag-lapiz-grafito has-post-thumbnail taxable shipping-taxable purchasable product-type-simple\"><div class=\"product product-type-1\"> <div class=\"product-wrapper\"><div class=\"product-content\"><div class=\"thumbnail-wrapper entry-media\"> <a class=\"product-thumbnail\" href=\"https:\/\/espacioescolar.cl\/es\/producto\/lapiz-carboncillo-02-cretacolor\/\"><img decoding=\"async\" src=\"https:\/\/espacioescolar.cl\/wp-content\/uploads\/2025\/01\/Lapiz-Carboncillo-02-Cretacolor--500x500.webp\" alt=\"L\u00e1piz Carboncillo 02 Cretacolor\"><\/a><div class=\"product-buttons\"> <div class=\"tinv-wraper woocommerce tinv-wishlist tinvwl-shortcode-add-to-cart tinvwl-partdo_wishlist_action\"\r\n\t data-tinvwl_product_id=\"5303\">\r\n\t<div class=\"tinv-wishlist-clear\"><\/div><a role=\"button\" tabindex=\"0\" name=\"agregar\" aria-label=\"Agregar\" class=\"tinvwl_add_to_wishlist_button tinvwl-icon-heart  tinvwl-position-after\" data-tinv-wl-list=\"[]\" data-tinv-wl-product=\"5303\" data-tinv-wl-productvariation=\"0\" data-tinv-wl-productvariations=\"[]\" data-tinv-wl-producttype=\"simple\" data-tinv-wl-action=\"add\"><span class=\"tinvwl_add_to_wishlist-text\">Agregar<\/span><\/a><div class=\"tinv-wishlist-clear\"><\/div>\t\t<div\r\n\t\tclass=\"tinvwl-tooltip\">Agregar<\/div>\r\n<\/div>\r\n<a href=\"?add-to-compare=5303\" class=\"woosc-btn woosc-btn-5303 \" rel=\"nofollow\" data-text=\"Compare\" data-text_added=\"Compare\" data-id=\"5303\" data-product_id=\"5303\" data-product_name=\"L\u00e1piz Carboncillo 02 Cretacolor\" data-product_image=\"https:\/\/espacioescolar.cl\/wp-content\/uploads\/2025\/01\/Lapiz-Carboncillo-02-Cretacolor--150x150.webp\">Compare<\/a><a class=\"detail-bnt quickview\" data-product_id=\"5303\"><i class=\"klbth-icon-eye-empty\"><\/i><\/a> <\/div> <\/div><div class=\"content-wrapper\"><h3 class=\"product-title\"> <a href=\"https:\/\/espacioescolar.cl\/es\/producto\/lapiz-carboncillo-02-cretacolor\/\">L\u00e1piz Carboncillo 02 Cretacolor<\/a><\/h3><span class=\"price\"><span class=\"woocommerce-Price-amount amount\"><bdi><span class=\"woocommerce-Price-currencySymbol\">&#36;<\/span>2.990<\/bdi><\/span><\/span><div class=\"product-stock in-stock\"> <i class=\"klbth-icon-ecommerce-package-ready\"><\/i><span>In Stock<\/span><\/div><\/div><\/div><div class=\"product-footer\"><div class=\"product-footer-inner\"> <div class=\"product-footer-details\"> <ul>\r\n \t<li>L\u00e1piz Carboncillo<\/li>\r\n \t<li>N\u00ba 2<\/li>\r\n \t<li>Cretacolor<\/li>\r\n<\/ul><\/div><a href=\"\/es\/wp-json\/wp\/v2\/pages\/1643?add-to-cart=5303\" aria-describedby=\"woocommerce_loop_add_to_cart_link_describedby_5303\" data-quantity=\"1\" class=\"primary  button product_type_simple add_to_cart_button ajax_add_to_cart\" data-product_id=\"5303\" data-product_sku=\"\" aria-label=\"Agregar al carrito: &ldquo;L\u00e1piz Carboncillo 02 Cretacolor&rdquo;\" rel=\"nofollow\" data-success_message=\"&ldquo;L\u00e1piz Carboncillo 02 Cretacolor&rdquo; se ha a\u00f1adido a tu carro\" role=\"button\">Agregar a tu carro <i class=\"klbth-icon-shopping-bag\"><\/i><\/a>\t<span id=\"woocommerce_loop_add_to_cart_link_describedby_5303\" class=\"screen-reader-text\">\r\n\t\t\t<\/span>\r\n<\/div><\/div><\/div><div class=\"product-content-fade\"><\/div><\/div><\/div><div class=\"column-item product type-product post-5301 status-publish instock product_cat-escritura product_cat-lapices-carboncillo product_cat-mi-estuche product_tag-lapiz-grafito has-post-thumbnail taxable shipping-taxable purchasable product-type-simple\"><div class=\"product product-type-1\"> <div class=\"product-wrapper\"><div class=\"product-content\"><div class=\"thumbnail-wrapper entry-media\"> <a class=\"product-thumbnail\" href=\"https:\/\/espacioescolar.cl\/es\/producto\/lapiz-carboncillo-01-cretacolor\/\"><img decoding=\"async\" src=\"https:\/\/espacioescolar.cl\/wp-content\/uploads\/2025\/01\/Lapiz-Carboncillo-01-Cretacolor--500x500.webp\" alt=\"L\u00e1piz Carboncillo 01 Cretacolor\"><\/a><div class=\"product-buttons\"> <div class=\"tinv-wraper woocommerce tinv-wishlist tinvwl-shortcode-add-to-cart tinvwl-partdo_wishlist_action\"\r\n\t data-tinvwl_product_id=\"5301\">\r\n\t<div class=\"tinv-wishlist-clear\"><\/div><a role=\"button\" tabindex=\"0\" name=\"agregar\" aria-label=\"Agregar\" class=\"tinvwl_add_to_wishlist_button tinvwl-icon-heart  tinvwl-position-after\" data-tinv-wl-list=\"[]\" data-tinv-wl-product=\"5301\" data-tinv-wl-productvariation=\"0\" data-tinv-wl-productvariations=\"[]\" data-tinv-wl-producttype=\"simple\" data-tinv-wl-action=\"add\"><span class=\"tinvwl_add_to_wishlist-text\">Agregar<\/span><\/a><div class=\"tinv-wishlist-clear\"><\/div>\t\t<div\r\n\t\tclass=\"tinvwl-tooltip\">Agregar<\/div>\r\n<\/div>\r\n<a href=\"?add-to-compare=5301\" class=\"woosc-btn woosc-btn-5301 \" rel=\"nofollow\" data-text=\"Compare\" data-text_added=\"Compare\" data-id=\"5301\" data-product_id=\"5301\" data-product_name=\"L\u00e1piz Carboncillo 01 Cretacolor\" data-product_image=\"https:\/\/espacioescolar.cl\/wp-content\/uploads\/2025\/01\/Lapiz-Carboncillo-01-Cretacolor--150x150.webp\">Compare<\/a><a class=\"detail-bnt quickview\" data-product_id=\"5301\"><i class=\"klbth-icon-eye-empty\"><\/i><\/a> <\/div> <\/div><div class=\"content-wrapper\"><h3 class=\"product-title\"> <a href=\"https:\/\/espacioescolar.cl\/es\/producto\/lapiz-carboncillo-01-cretacolor\/\">L\u00e1piz Carboncillo 01 Cretacolor<\/a><\/h3><span class=\"price\"><span class=\"woocommerce-Price-amount amount\"><bdi><span class=\"woocommerce-Price-currencySymbol\">&#36;<\/span>2.990<\/bdi><\/span><\/span><div class=\"product-stock in-stock\"> <i class=\"klbth-icon-ecommerce-package-ready\"><\/i><span>In Stock<\/span><\/div><\/div><\/div><div class=\"product-footer\"><div class=\"product-footer-inner\"> <div class=\"product-footer-details\"> <ul>\r\n \t<li>L\u00e1piz Carboncillo<\/li>\r\n \t<li>N\u00ba 1<\/li>\r\n \t<li>Cretacolor<\/li>\r\n<\/ul><\/div><a href=\"\/es\/wp-json\/wp\/v2\/pages\/1643?add-to-cart=5301\" aria-describedby=\"woocommerce_loop_add_to_cart_link_describedby_5301\" data-quantity=\"1\" class=\"primary  button product_type_simple add_to_cart_button ajax_add_to_cart\" data-product_id=\"5301\" data-product_sku=\"\" aria-label=\"Agregar al carrito: &ldquo;L\u00e1piz Carboncillo 01 Cretacolor&rdquo;\" rel=\"nofollow\" data-success_message=\"&ldquo;L\u00e1piz Carboncillo 01 Cretacolor&rdquo; se ha a\u00f1adido a tu carro\" role=\"button\">Agregar a tu carro <i class=\"klbth-icon-shopping-bag\"><\/i><\/a>\t<span id=\"woocommerce_loop_add_to_cart_link_describedby_5301\" class=\"screen-reader-text\">\r\n\t\t\t<\/span>\r\n<\/div><\/div><\/div><div class=\"product-content-fade\"><\/div><\/div><\/div><div class=\"column-item product type-product post-5285 status-publish instock product_cat-escritura product_cat-lapices-grafito product_cat-mi-estuche product_tag-lapiz-grafito has-post-thumbnail taxable shipping-taxable purchasable product-type-simple\"><div class=\"product product-type-1\"> <div class=\"product-wrapper\"><div class=\"product-content\"><div class=\"thumbnail-wrapper entry-media\"> <a class=\"product-thumbnail\" href=\"https:\/\/espacioescolar.cl\/es\/producto\/lapiz-grafito-2hb-hexagonal-imagia-1-unidad-torre\/\"><img decoding=\"async\" src=\"https:\/\/espacioescolar.cl\/wp-content\/uploads\/2025\/01\/Lapiz-Grafito-2Hb-Hexagonal-Imagia-1-Unidad-Torre-500x500.png\" alt=\"Lapiz Grafito 2Hb Hexagonal Imagia 1 Unidad Torre\"><\/a><div class=\"product-buttons\"> <div class=\"tinv-wraper woocommerce tinv-wishlist tinvwl-shortcode-add-to-cart tinvwl-partdo_wishlist_action\"\r\n\t data-tinvwl_product_id=\"5285\">\r\n\t<div class=\"tinv-wishlist-clear\"><\/div><a role=\"button\" tabindex=\"0\" name=\"agregar\" aria-label=\"Agregar\" class=\"tinvwl_add_to_wishlist_button tinvwl-icon-heart  tinvwl-position-after\" data-tinv-wl-list=\"[]\" data-tinv-wl-product=\"5285\" data-tinv-wl-productvariation=\"0\" data-tinv-wl-productvariations=\"[]\" data-tinv-wl-producttype=\"simple\" data-tinv-wl-action=\"add\"><span class=\"tinvwl_add_to_wishlist-text\">Agregar<\/span><\/a><div class=\"tinv-wishlist-clear\"><\/div>\t\t<div\r\n\t\tclass=\"tinvwl-tooltip\">Agregar<\/div>\r\n<\/div>\r\n<a href=\"?add-to-compare=5285\" class=\"woosc-btn woosc-btn-5285 \" rel=\"nofollow\" data-text=\"Compare\" data-text_added=\"Compare\" data-id=\"5285\" data-product_id=\"5285\" data-product_name=\"Lapiz Grafito 2Hb Hexagonal Imagia 1 Unidad Torre\" data-product_image=\"https:\/\/espacioescolar.cl\/wp-content\/uploads\/2025\/01\/Lapiz-Grafito-2Hb-Hexagonal-Imagia-1-Unidad-Torre-150x150.png\">Compare<\/a><a class=\"detail-bnt quickview\" data-product_id=\"5285\"><i class=\"klbth-icon-eye-empty\"><\/i><\/a> <\/div> <\/div><div class=\"content-wrapper\"><h3 class=\"product-title\"> <a href=\"https:\/\/espacioescolar.cl\/es\/producto\/lapiz-grafito-2hb-hexagonal-imagia-1-unidad-torre\/\">Lapiz Grafito 2Hb Hexagonal Imagia 1 Unidad Torre<\/a><\/h3><span class=\"price\"><span class=\"woocommerce-Price-amount amount\"><bdi><span class=\"woocommerce-Price-currencySymbol\">&#36;<\/span>390<\/bdi><\/span><\/span><div class=\"product-stock in-stock\"> <i class=\"klbth-icon-ecommerce-package-ready\"><\/i><span>In Stock<\/span><\/div><\/div><\/div><div class=\"product-footer\"><div class=\"product-footer-inner\"> <div class=\"product-footer-details\"> <ul>\r\n \t<li>L\u00e1piz Grafito<\/li>\r\n \t<li>N\u00ba 2HB<\/li>\r\n \t<li>Torre<\/li>\r\n<\/ul><\/div><a href=\"\/es\/wp-json\/wp\/v2\/pages\/1643?add-to-cart=5285\" aria-describedby=\"woocommerce_loop_add_to_cart_link_describedby_5285\" data-quantity=\"1\" class=\"primary  button product_type_simple add_to_cart_button ajax_add_to_cart\" data-product_id=\"5285\" data-product_sku=\"\" aria-label=\"Agregar al carrito: &ldquo;Lapiz Grafito 2Hb Hexagonal Imagia 1 Unidad Torre&rdquo;\" rel=\"nofollow\" data-success_message=\"&ldquo;Lapiz Grafito 2Hb Hexagonal Imagia 1 Unidad Torre&rdquo; se ha a\u00f1adido a tu carro\" role=\"button\">Agregar a tu carro <i class=\"klbth-icon-shopping-bag\"><\/i><\/a>\t<span id=\"woocommerce_loop_add_to_cart_link_describedby_5285\" class=\"screen-reader-text\">\r\n\t\t\t<\/span>\r\n<\/div><\/div><\/div><div class=\"product-content-fade\"><\/div><\/div><\/div><div class=\"column-item product type-product post-5283 status-publish last instock product_cat-escritura product_cat-lapices-grafito product_cat-mi-estuche product_tag-lapiz-grafito has-post-thumbnail taxable shipping-taxable purchasable product-type-simple\"><div class=\"product product-type-1\"> <div class=\"product-wrapper\"><div class=\"product-content\"><div class=\"thumbnail-wrapper entry-media\"> <a class=\"product-thumbnail\" href=\"https:\/\/espacioescolar.cl\/es\/producto\/lapiz-grafito-2hb-negro-triangular-1-unidad-torre\/\"><img decoding=\"async\" src=\"https:\/\/espacioescolar.cl\/wp-content\/uploads\/2025\/01\/Lapiz-Grafito-2Hb-Negro-Triangular-1-Unidad-Torre-500x500.png\" alt=\"Lapiz Grafito 2Hb Negro Triangular 1 Unidad Torre\"><\/a><div class=\"product-buttons\"> <div class=\"tinv-wraper woocommerce tinv-wishlist tinvwl-shortcode-add-to-cart tinvwl-partdo_wishlist_action\"\r\n\t data-tinvwl_product_id=\"5283\">\r\n\t<div class=\"tinv-wishlist-clear\"><\/div><a role=\"button\" tabindex=\"0\" name=\"agregar\" aria-label=\"Agregar\" class=\"tinvwl_add_to_wishlist_button tinvwl-icon-heart  tinvwl-position-after\" data-tinv-wl-list=\"[]\" data-tinv-wl-product=\"5283\" data-tinv-wl-productvariation=\"0\" data-tinv-wl-productvariations=\"[]\" data-tinv-wl-producttype=\"simple\" data-tinv-wl-action=\"add\"><span class=\"tinvwl_add_to_wishlist-text\">Agregar<\/span><\/a><div class=\"tinv-wishlist-clear\"><\/div>\t\t<div\r\n\t\tclass=\"tinvwl-tooltip\">Agregar<\/div>\r\n<\/div>\r\n<a href=\"?add-to-compare=5283\" class=\"woosc-btn woosc-btn-5283 \" rel=\"nofollow\" data-text=\"Compare\" data-text_added=\"Compare\" data-id=\"5283\" data-product_id=\"5283\" data-product_name=\"Lapiz Grafito 2Hb Negro Triangular 1 Unidad Torre\" data-product_image=\"https:\/\/espacioescolar.cl\/wp-content\/uploads\/2025\/01\/Lapiz-Grafito-2Hb-Negro-Triangular-1-Unidad-Torre-150x150.png\">Compare<\/a><a class=\"detail-bnt quickview\" data-product_id=\"5283\"><i class=\"klbth-icon-eye-empty\"><\/i><\/a> <\/div> <\/div><div class=\"content-wrapper\"><h3 class=\"product-title\"> <a href=\"https:\/\/espacioescolar.cl\/es\/producto\/lapiz-grafito-2hb-negro-triangular-1-unidad-torre\/\">Lapiz Grafito 2Hb Negro Triangular 1 Unidad Torre<\/a><\/h3><span class=\"price\"><span class=\"woocommerce-Price-amount amount\"><bdi><span class=\"woocommerce-Price-currencySymbol\">&#36;<\/span>490<\/bdi><\/span><\/span><div class=\"product-stock in-stock\"> <i class=\"klbth-icon-ecommerce-package-ready\"><\/i><span>In Stock<\/span><\/div><\/div><\/div><div class=\"product-footer\"><div class=\"product-footer-inner\"> <div class=\"product-footer-details\"> <ul>\r\n \t<li>L\u00e1piz Grafito<\/li>\r\n \t<li>N\u00ba 2HB<\/li>\r\n \t<li>Torre<\/li>\r\n<\/ul><\/div><a href=\"\/es\/wp-json\/wp\/v2\/pages\/1643?add-to-cart=5283\" aria-describedby=\"woocommerce_loop_add_to_cart_link_describedby_5283\" data-quantity=\"1\" class=\"primary  button product_type_simple add_to_cart_button ajax_add_to_cart\" data-product_id=\"5283\" data-product_sku=\"\" aria-label=\"Agregar al carrito: &ldquo;Lapiz Grafito 2Hb Negro Triangular 1 Unidad Torre&rdquo;\" rel=\"nofollow\" data-success_message=\"&ldquo;Lapiz Grafito 2Hb Negro Triangular 1 Unidad Torre&rdquo; se ha a\u00f1adido a tu carro\" role=\"button\">Agregar a tu carro <i class=\"klbth-icon-shopping-bag\"><\/i><\/a>\t<span id=\"woocommerce_loop_add_to_cart_link_describedby_5283\" class=\"screen-reader-text\">\r\n\t\t\t<\/span>\r\n<\/div><\/div><\/div><div class=\"product-content-fade\"><\/div><\/div><\/div><div class=\"column-item product type-product post-5263 status-publish first instock product_cat-adhesivos-y-pegamentos product_cat-materiales product_cat-mi-estuche product_cat-pegamento-en-barra product_tag-pegamento-en-barra has-post-thumbnail taxable shipping-taxable purchasable product-type-simple\"><div class=\"product product-type-1\"> <div class=\"product-wrapper\"><div class=\"product-content\"><div class=\"thumbnail-wrapper entry-media\"> <a class=\"product-thumbnail\" href=\"https:\/\/espacioescolar.cl\/es\/producto\/pegamento-en-barra-proarte-36-gr\/\"><img decoding=\"async\" src=\"https:\/\/espacioescolar.cl\/wp-content\/uploads\/2025\/01\/Pegamento-en-Barra-ProArte-36-gr-500x500.webp\" alt=\"Pegamento en Barra Proarte 36 gr\"><\/a><div class=\"product-buttons\"> <div class=\"tinv-wraper woocommerce tinv-wishlist tinvwl-shortcode-add-to-cart tinvwl-partdo_wishlist_action\"\r\n\t data-tinvwl_product_id=\"5263\">\r\n\t<div class=\"tinv-wishlist-clear\"><\/div><a role=\"button\" tabindex=\"0\" name=\"agregar\" aria-label=\"Agregar\" class=\"tinvwl_add_to_wishlist_button tinvwl-icon-heart  tinvwl-position-after\" data-tinv-wl-list=\"[]\" data-tinv-wl-product=\"5263\" data-tinv-wl-productvariation=\"0\" data-tinv-wl-productvariations=\"[]\" data-tinv-wl-producttype=\"simple\" data-tinv-wl-action=\"add\"><span class=\"tinvwl_add_to_wishlist-text\">Agregar<\/span><\/a><div class=\"tinv-wishlist-clear\"><\/div>\t\t<div\r\n\t\tclass=\"tinvwl-tooltip\">Agregar<\/div>\r\n<\/div>\r\n<a href=\"?add-to-compare=5263\" class=\"woosc-btn woosc-btn-5263 \" rel=\"nofollow\" data-text=\"Compare\" data-text_added=\"Compare\" data-id=\"5263\" data-product_id=\"5263\" data-product_name=\"Pegamento en Barra Proarte 36 gr\" data-product_image=\"https:\/\/espacioescolar.cl\/wp-content\/uploads\/2025\/01\/Pegamento-en-Barra-ProArte-36-gr-150x150.webp\">Compare<\/a><a class=\"detail-bnt quickview\" data-product_id=\"5263\"><i class=\"klbth-icon-eye-empty\"><\/i><\/a> <\/div> <\/div><div class=\"content-wrapper\"><h3 class=\"product-title\"> <a href=\"https:\/\/espacioescolar.cl\/es\/producto\/pegamento-en-barra-proarte-36-gr\/\">Pegamento en Barra Proarte 36 gr<\/a><\/h3><span class=\"price\"><span class=\"woocommerce-Price-amount amount\"><bdi><span class=\"woocommerce-Price-currencySymbol\">&#36;<\/span>1.290<\/bdi><\/span><\/span><div class=\"product-stock in-stock\"> <i class=\"klbth-icon-ecommerce-package-ready\"><\/i><span>In Stock<\/span><\/div><\/div><\/div><div class=\"product-footer\"><div class=\"product-footer-inner\"> <div class=\"product-footer-details\"> <ul>\r\n \t<li>Pegamento en Barra<\/li>\r\n \t<li>36 gr.<\/li>\r\n \t<li>No T\u00f3xico, Lavable y Limpio<\/li>\r\n<\/ul><\/div><a href=\"\/es\/wp-json\/wp\/v2\/pages\/1643?add-to-cart=5263\" aria-describedby=\"woocommerce_loop_add_to_cart_link_describedby_5263\" data-quantity=\"1\" class=\"primary  button product_type_simple add_to_cart_button ajax_add_to_cart\" data-product_id=\"5263\" data-product_sku=\"\" aria-label=\"Agregar al carrito: &ldquo;Pegamento en Barra Proarte 36 gr&rdquo;\" rel=\"nofollow\" data-success_message=\"&ldquo;Pegamento en Barra Proarte 36 gr&rdquo; se ha a\u00f1adido a tu carro\" role=\"button\">Agregar a tu carro <i class=\"klbth-icon-shopping-bag\"><\/i><\/a>\t<span id=\"woocommerce_loop_add_to_cart_link_describedby_5263\" class=\"screen-reader-text\">\r\n\t\t\t<\/span>\r\n<\/div><\/div><\/div><div class=\"product-content-fade\"><\/div><\/div><\/div><div class=\"column-item product type-product post-5261 status-publish instock product_cat-adhesivos-y-pegamentos product_cat-materiales product_cat-mi-estuche product_cat-pegamento-en-barra product_tag-pegamento-en-barra has-post-thumbnail taxable shipping-taxable purchasable product-type-simple\"><div class=\"product product-type-1\"> <div class=\"product-wrapper\"><div class=\"product-content\"><div class=\"thumbnail-wrapper entry-media\"> <a class=\"product-thumbnail\" href=\"https:\/\/espacioescolar.cl\/es\/producto\/pegamento-en-barra-proarte-21-gr\/\"><img decoding=\"async\" src=\"https:\/\/espacioescolar.cl\/wp-content\/uploads\/2025\/01\/Pegamento-en-Barra-ProArte-21-gr-500x500.webp\" alt=\"Pegamento en Barra Proarte 21 gr\"><\/a><div class=\"product-buttons\"> <div class=\"tinv-wraper woocommerce tinv-wishlist tinvwl-shortcode-add-to-cart tinvwl-partdo_wishlist_action\"\r\n\t data-tinvwl_product_id=\"5261\">\r\n\t<div class=\"tinv-wishlist-clear\"><\/div><a role=\"button\" tabindex=\"0\" name=\"agregar\" aria-label=\"Agregar\" class=\"tinvwl_add_to_wishlist_button tinvwl-icon-heart  tinvwl-position-after\" data-tinv-wl-list=\"[]\" data-tinv-wl-product=\"5261\" data-tinv-wl-productvariation=\"0\" data-tinv-wl-productvariations=\"[]\" data-tinv-wl-producttype=\"simple\" data-tinv-wl-action=\"add\"><span class=\"tinvwl_add_to_wishlist-text\">Agregar<\/span><\/a><div class=\"tinv-wishlist-clear\"><\/div>\t\t<div\r\n\t\tclass=\"tinvwl-tooltip\">Agregar<\/div>\r\n<\/div>\r\n<a href=\"?add-to-compare=5261\" class=\"woosc-btn woosc-btn-5261 \" rel=\"nofollow\" data-text=\"Compare\" data-text_added=\"Compare\" data-id=\"5261\" data-product_id=\"5261\" data-product_name=\"Pegamento en Barra Proarte 21 gr\" data-product_image=\"https:\/\/espacioescolar.cl\/wp-content\/uploads\/2025\/01\/Pegamento-en-Barra-ProArte-21-gr-150x150.webp\">Compare<\/a><a class=\"detail-bnt quickview\" data-product_id=\"5261\"><i class=\"klbth-icon-eye-empty\"><\/i><\/a> <\/div> <\/div><div class=\"content-wrapper\"><h3 class=\"product-title\"> <a href=\"https:\/\/espacioescolar.cl\/es\/producto\/pegamento-en-barra-proarte-21-gr\/\">Pegamento en Barra Proarte 21 gr<\/a><\/h3><span class=\"price\"><span class=\"woocommerce-Price-amount amount\"><bdi><span class=\"woocommerce-Price-currencySymbol\">&#36;<\/span>890<\/bdi><\/span><\/span><div class=\"product-stock in-stock\"> <i class=\"klbth-icon-ecommerce-package-ready\"><\/i><span>In Stock<\/span><\/div><\/div><\/div><div class=\"product-footer\"><div class=\"product-footer-inner\"> <div class=\"product-footer-details\"> <ul>\r\n \t<li>Pegamento en Barra<\/li>\r\n \t<li>21 gr.<\/li>\r\n \t<li>No T\u00f3xico, Lavable y Limpio<\/li>\r\n<\/ul><\/div><a href=\"\/es\/wp-json\/wp\/v2\/pages\/1643?add-to-cart=5261\" aria-describedby=\"woocommerce_loop_add_to_cart_link_describedby_5261\" data-quantity=\"1\" class=\"primary  button product_type_simple add_to_cart_button ajax_add_to_cart\" data-product_id=\"5261\" data-product_sku=\"\" aria-label=\"Agregar al carrito: &ldquo;Pegamento en Barra Proarte 21 gr&rdquo;\" rel=\"nofollow\" data-success_message=\"&ldquo;Pegamento en Barra Proarte 21 gr&rdquo; se ha a\u00f1adido a tu carro\" role=\"button\">Agregar a tu carro <i class=\"klbth-icon-shopping-bag\"><\/i><\/a>\t<span id=\"woocommerce_loop_add_to_cart_link_describedby_5261\" class=\"screen-reader-text\">\r\n\t\t\t<\/span>\r\n<\/div><\/div><\/div><div class=\"product-content-fade\"><\/div><\/div><\/div><\/div><\/div><!-- column --><\/div><\/div><\/div>\t\t\t\t<\/div>\n\t\t\t\t<\/div>\n\t\t\t\t\t<\/div>\n\t\t<\/div>\n\t\t\t\t\t<\/div>\n\t\t<\/section>\n\t\t\t\t<section class=\"elementor-section elementor-top-section elementor-element elementor-element-780d57f elementor-section-boxed elementor-section-height-default elementor-section-height-default\" data-id=\"780d57f\" data-element_type=\"section\" data-e-type=\"section\">\n\t\t\t\t\t\t<div class=\"elementor-container elementor-column-gap-extended\">\n\t\t\t\t\t<div class=\"elementor-column elementor-col-100 elementor-top-column elementor-element elementor-element-0f88728\" data-id=\"0f88728\" data-element_type=\"column\" data-e-type=\"column\">\n\t\t\t<div class=\"elementor-widget-wrap elementor-element-populated\">\n\t\t\t\t\t\t<div class=\"elementor-element elementor-element-a005dc7 elementor-widget elementor-widget-partdo-banner-box\" data-id=\"a005dc7\" data-element_type=\"widget\" data-e-type=\"widget\" data-widget_type=\"partdo-banner-box.default\">\n\t\t\t\t<div class=\"elementor-widget-container\">\n\t\t\t\t\t<div class=\"klbth-banner style-inner color-scheme-light space-sm align-center justify-start hover-zoom\"><div class=\"entry-wrapper overlay-25-dark-max768 dump\"><div class=\"entry-inner w-50\"><div class=\"entry-heading banner-heading\"><span class=\"badge\">Estuches Art\u00edsticos<\/span><h2 class=\"entry-title font-banner-xlg\">Descubre toda la variedad de Estuches que tenemos para ti.<\/h2><\/div><div class=\"entry-excerpt font-sm weight-300\"><p><\/p><\/div><div class=\"entry-footer vertical banner-footer\"><div class=\"banner-button\"><button href=\"https:\/\/espacioescolar.cl\/categoria\/papeleria\/estuches-artisticos\/\" class=\"btn link\" >Descubre toda la variedad aqu\u00ed<i class=\"klbth-icon-arrow-right-long\"><\/i><\/button><\/div><\/div><\/div><\/div><div class=\"entry-media overlay-15-dark-min768\"><img decoding=\"async\" src=\"https:\/\/espacioescolar.cl\/wp-content\/uploads\/2023\/11\/color-ee.jpg\" alt=\"slider image\"\/><\/div><a class=\"link-mask\" href=\"https:\/\/espacioescolar.cl\/categoria\/papeleria\/estuches-artisticos\/\" > <\/a><\/div>\t\t\t\t<\/div>\n\t\t\t\t<\/div>\n\t\t\t\t<div class=\"elementor-element elementor-element-a3747db elementor-widget elementor-widget-partdo-category-banner2\" data-id=\"a3747db\" data-element_type=\"widget\" data-e-type=\"widget\" data-widget_type=\"partdo-category-banner2.default\">\n\t\t\t\t<div class=\"elementor-widget-container\">\n\t\t\t\t\t<div class=\"klbth-module klbth-module-category-products style-4\"><div class=\"klbth-module-body\"><div class=\"klbth-module-wrapper image-right\"><div class=\"block-column products-column\"><div class=\"products gutter-0 column-3 mobile-2\"><div class=\"column-item product type-product post-5232 status-publish instock product_cat-cartulina-de-colores product_cat-estuches-artisticos product_cat-papeleria product_tag-cartulina-de-colores product_tag-estuches-de-cartulina has-post-thumbnail taxable shipping-taxable purchasable product-type-simple\"><div class=\"product product-type-1\"> <div class=\"product-wrapper\"><div class=\"product-content\"><div class=\"thumbnail-wrapper entry-media\"> <a class=\"product-thumbnail\" href=\"https:\/\/espacioescolar.cl\/es\/producto\/estuche-cartulina-halley\/\"><img decoding=\"async\" src=\"https:\/\/espacioescolar.cl\/wp-content\/uploads\/2025\/01\/Estuche-Cartulina-Halley-500x500.png\" alt=\"Estuche Cartulina Halley\"><\/a><div class=\"product-buttons\"> <div class=\"tinv-wraper woocommerce tinv-wishlist tinvwl-shortcode-add-to-cart tinvwl-partdo_wishlist_action\"\r\n\t data-tinvwl_product_id=\"5232\">\r\n\t<div class=\"tinv-wishlist-clear\"><\/div><a role=\"button\" tabindex=\"0\" name=\"agregar\" aria-label=\"Agregar\" class=\"tinvwl_add_to_wishlist_button tinvwl-icon-heart  tinvwl-position-after\" data-tinv-wl-list=\"[]\" data-tinv-wl-product=\"5232\" data-tinv-wl-productvariation=\"0\" data-tinv-wl-productvariations=\"[]\" data-tinv-wl-producttype=\"simple\" data-tinv-wl-action=\"add\"><span class=\"tinvwl_add_to_wishlist-text\">Agregar<\/span><\/a><div class=\"tinv-wishlist-clear\"><\/div>\t\t<div\r\n\t\tclass=\"tinvwl-tooltip\">Agregar<\/div>\r\n<\/div>\r\n<a href=\"?add-to-compare=5232\" class=\"woosc-btn woosc-btn-5232 \" rel=\"nofollow\" data-text=\"Compare\" data-text_added=\"Compare\" data-id=\"5232\" data-product_id=\"5232\" data-product_name=\"Estuche Cartulina Halley\" data-product_image=\"https:\/\/espacioescolar.cl\/wp-content\/uploads\/2025\/01\/Estuche-Cartulina-Halley-150x150.png\">Compare<\/a><a class=\"detail-bnt quickview\" data-product_id=\"5232\"><i class=\"klbth-icon-eye-empty\"><\/i><\/a> <\/div> <\/div><div class=\"content-wrapper\"><h3 class=\"product-title\"> <a href=\"https:\/\/espacioescolar.cl\/es\/producto\/estuche-cartulina-halley\/\">Estuche Cartulina Halley<\/a><\/h3><span class=\"price\"><span class=\"woocommerce-Price-amount amount\"><bdi><span class=\"woocommerce-Price-currencySymbol\">&#36;<\/span>1.590<\/bdi><\/span><\/span><div class=\"product-stock in-stock\"> <i class=\"klbth-icon-ecommerce-package-ready\"><\/i><span>In Stock<\/span><\/div><\/div><\/div><div class=\"product-footer\"><div class=\"product-footer-inner\"> <div class=\"product-footer-details\"> <ul>\r\n \t<li>15 Hojas<\/li>\r\n \t<li>14 Colores<\/li>\r\n \t<li>26,5 x 37,5 cm (aprox.)<\/li>\r\n<\/ul><\/div><a href=\"\/es\/wp-json\/wp\/v2\/pages\/1643?add-to-cart=5232\" aria-describedby=\"woocommerce_loop_add_to_cart_link_describedby_5232\" data-quantity=\"1\" class=\"primary  button product_type_simple add_to_cart_button ajax_add_to_cart\" data-product_id=\"5232\" data-product_sku=\"\" aria-label=\"Agregar al carrito: &ldquo;Estuche Cartulina Halley&rdquo;\" rel=\"nofollow\" data-success_message=\"&ldquo;Estuche Cartulina Halley&rdquo; se ha a\u00f1adido a tu carro\" role=\"button\">Agregar a tu carro <i class=\"klbth-icon-shopping-bag\"><\/i><\/a>\t<span id=\"woocommerce_loop_add_to_cart_link_describedby_5232\" class=\"screen-reader-text\">\r\n\t\t\t<\/span>\r\n<\/div><\/div><\/div><div class=\"product-content-fade\"><\/div><\/div><\/div><div class=\"column-item product type-product post-5229 status-publish last instock product_cat-cartulina-de-colores product_cat-estuches-artisticos product_cat-papeleria product_tag-cartulina-de-colores product_tag-estuches-de-cartulina has-post-thumbnail taxable shipping-taxable purchasable product-type-simple\"><div class=\"product product-type-1\"> <div class=\"product-wrapper\"><div class=\"product-content\"><div class=\"thumbnail-wrapper entry-media\"> <a class=\"product-thumbnail\" href=\"https:\/\/espacioescolar.cl\/es\/producto\/estuche-cartulina-torre\/\"><img decoding=\"async\" src=\"https:\/\/espacioescolar.cl\/wp-content\/uploads\/2025\/01\/Estuche-Cartulina-Torre-500x500.jpg\" alt=\"Estuche Cartulina Torre\"><\/a><div class=\"product-buttons\"> <div class=\"tinv-wraper woocommerce tinv-wishlist tinvwl-shortcode-add-to-cart tinvwl-partdo_wishlist_action\"\r\n\t data-tinvwl_product_id=\"5229\">\r\n\t<div class=\"tinv-wishlist-clear\"><\/div><a role=\"button\" tabindex=\"0\" name=\"agregar\" aria-label=\"Agregar\" class=\"tinvwl_add_to_wishlist_button tinvwl-icon-heart  tinvwl-position-after\" data-tinv-wl-list=\"[]\" data-tinv-wl-product=\"5229\" data-tinv-wl-productvariation=\"0\" data-tinv-wl-productvariations=\"[]\" data-tinv-wl-producttype=\"simple\" data-tinv-wl-action=\"add\"><span class=\"tinvwl_add_to_wishlist-text\">Agregar<\/span><\/a><div class=\"tinv-wishlist-clear\"><\/div>\t\t<div\r\n\t\tclass=\"tinvwl-tooltip\">Agregar<\/div>\r\n<\/div>\r\n<a href=\"?add-to-compare=5229\" class=\"woosc-btn woosc-btn-5229 \" rel=\"nofollow\" data-text=\"Compare\" data-text_added=\"Compare\" data-id=\"5229\" data-product_id=\"5229\" data-product_name=\"Estuche Cartulina Torre\" data-product_image=\"https:\/\/espacioescolar.cl\/wp-content\/uploads\/2025\/01\/Estuche-Cartulina-Torre-150x150.jpg\">Compare<\/a><a class=\"detail-bnt quickview\" data-product_id=\"5229\"><i class=\"klbth-icon-eye-empty\"><\/i><\/a> <\/div> <\/div><div class=\"content-wrapper\"><h3 class=\"product-title\"> <a href=\"https:\/\/espacioescolar.cl\/es\/producto\/estuche-cartulina-torre\/\">Estuche Cartulina Torre<\/a><\/h3><span class=\"price\"><span class=\"woocommerce-Price-amount amount\"><bdi><span class=\"woocommerce-Price-currencySymbol\">&#36;<\/span>1.990<\/bdi><\/span><\/span><div class=\"product-stock in-stock\"> <i class=\"klbth-icon-ecommerce-package-ready\"><\/i><span>In Stock<\/span><\/div><\/div><\/div><div class=\"product-footer\"><div class=\"product-footer-inner\"> <div class=\"product-footer-details\"> <ul>\r\n \t<li>18 Hojas<\/li>\r\n \t<li>14 Colores<\/li>\r\n \t<li>26,5 x 37,5 cm (aprox.)<\/li>\r\n<\/ul><\/div><a href=\"\/es\/wp-json\/wp\/v2\/pages\/1643?add-to-cart=5229\" aria-describedby=\"woocommerce_loop_add_to_cart_link_describedby_5229\" data-quantity=\"1\" class=\"primary  button product_type_simple add_to_cart_button ajax_add_to_cart\" data-product_id=\"5229\" data-product_sku=\"\" aria-label=\"Agregar al carrito: &ldquo;Estuche Cartulina Torre&rdquo;\" rel=\"nofollow\" data-success_message=\"&ldquo;Estuche Cartulina Torre&rdquo; se ha a\u00f1adido a tu carro\" role=\"button\">Agregar a tu carro <i class=\"klbth-icon-shopping-bag\"><\/i><\/a>\t<span id=\"woocommerce_loop_add_to_cart_link_describedby_5229\" class=\"screen-reader-text\">\r\n\t\t\t<\/span>\r\n<\/div><\/div><\/div><div class=\"product-content-fade\"><\/div><\/div><\/div><div class=\"column-item product type-product post-5227 status-publish first instock product_cat-cartulina-de-colores product_cat-estuches-artisticos product_cat-papeleria product_tag-cartulina-de-colores product_tag-estuches-de-cartulina has-post-thumbnail taxable shipping-taxable purchasable product-type-simple\"><div class=\"product product-type-1\"> <div class=\"product-wrapper\"><div class=\"product-content\"><div class=\"thumbnail-wrapper entry-media\"> <a class=\"product-thumbnail\" href=\"https:\/\/espacioescolar.cl\/es\/producto\/estuche-artecolor-cartulina-artel\/\"><img decoding=\"async\" src=\"https:\/\/espacioescolar.cl\/wp-content\/uploads\/2025\/01\/Estuche-Artecolor-Cartulina-Artel-500x500.webp\" alt=\"Estuche Artecolor Cartulina Artel\"><\/a><div class=\"product-buttons\"> <div class=\"tinv-wraper woocommerce tinv-wishlist tinvwl-shortcode-add-to-cart tinvwl-partdo_wishlist_action\"\r\n\t data-tinvwl_product_id=\"5227\">\r\n\t<div class=\"tinv-wishlist-clear\"><\/div><a role=\"button\" tabindex=\"0\" name=\"agregar\" aria-label=\"Agregar\" class=\"tinvwl_add_to_wishlist_button tinvwl-icon-heart  tinvwl-position-after\" data-tinv-wl-list=\"[]\" data-tinv-wl-product=\"5227\" data-tinv-wl-productvariation=\"0\" data-tinv-wl-productvariations=\"[]\" data-tinv-wl-producttype=\"simple\" data-tinv-wl-action=\"add\"><span class=\"tinvwl_add_to_wishlist-text\">Agregar<\/span><\/a><div class=\"tinv-wishlist-clear\"><\/div>\t\t<div\r\n\t\tclass=\"tinvwl-tooltip\">Agregar<\/div>\r\n<\/div>\r\n<a href=\"?add-to-compare=5227\" class=\"woosc-btn woosc-btn-5227 \" rel=\"nofollow\" data-text=\"Compare\" data-text_added=\"Compare\" data-id=\"5227\" data-product_id=\"5227\" data-product_name=\"Estuche Artecolor Cartulina Artel\" data-product_image=\"https:\/\/espacioescolar.cl\/wp-content\/uploads\/2025\/01\/Estuche-Artecolor-Cartulina-Artel-150x150.webp\">Compare<\/a><a class=\"detail-bnt quickview\" data-product_id=\"5227\"><i class=\"klbth-icon-eye-empty\"><\/i><\/a> <\/div> <\/div><div class=\"content-wrapper\"><h3 class=\"product-title\"> <a href=\"https:\/\/espacioescolar.cl\/es\/producto\/estuche-artecolor-cartulina-artel\/\">Estuche Artecolor Cartulina Artel<\/a><\/h3><span class=\"price\"><span class=\"woocommerce-Price-amount amount\"><bdi><span class=\"woocommerce-Price-currencySymbol\">&#36;<\/span>1.990<\/bdi><\/span><\/span><div class=\"product-stock in-stock\"> <i class=\"klbth-icon-ecommerce-package-ready\"><\/i><span>In Stock<\/span><\/div><\/div><\/div><div class=\"product-footer\"><div class=\"product-footer-inner\"> <div class=\"product-footer-details\"> <ul>\r\n \t<li>18 Hojas<\/li>\r\n \t<li>14 Colores<\/li>\r\n \t<li>26,5 x 37,5 cm (aprox.)<\/li>\r\n<\/ul><\/div><a href=\"\/es\/wp-json\/wp\/v2\/pages\/1643?add-to-cart=5227\" aria-describedby=\"woocommerce_loop_add_to_cart_link_describedby_5227\" data-quantity=\"1\" class=\"primary  button product_type_simple add_to_cart_button ajax_add_to_cart\" data-product_id=\"5227\" data-product_sku=\"\" aria-label=\"Agregar al carrito: &ldquo;Estuche Artecolor Cartulina Artel&rdquo;\" rel=\"nofollow\" data-success_message=\"&ldquo;Estuche Artecolor Cartulina Artel&rdquo; se ha a\u00f1adido a tu carro\" role=\"button\">Agregar a tu carro <i class=\"klbth-icon-shopping-bag\"><\/i><\/a>\t<span id=\"woocommerce_loop_add_to_cart_link_describedby_5227\" class=\"screen-reader-text\">\r\n\t\t\t<\/span>\r\n<\/div><\/div><\/div><div class=\"product-content-fade\"><\/div><\/div><\/div><div class=\"column-item product type-product post-5224 status-publish instock product_cat-estuches-artisticos product_cat-papel-crepe product_cat-papeleria product_tag-estuches-artisticos product_tag-papel-crepe has-post-thumbnail taxable shipping-taxable purchasable product-type-simple\"><div class=\"product product-type-1\"> <div class=\"product-wrapper\"><div class=\"product-content\"><div class=\"thumbnail-wrapper entry-media\"> <a class=\"product-thumbnail\" href=\"https:\/\/espacioescolar.cl\/es\/producto\/estuche-de-papel-crepe-torre\/\"><img decoding=\"async\" src=\"https:\/\/espacioescolar.cl\/wp-content\/uploads\/2025\/01\/Papel-Crepe-Torre-500x500.jpg\" alt=\"Estuche de Papel Crep\u00e9 Torre\"><\/a><div class=\"product-buttons\"> <div class=\"tinv-wraper woocommerce tinv-wishlist tinvwl-shortcode-add-to-cart tinvwl-partdo_wishlist_action\"\r\n\t data-tinvwl_product_id=\"5224\">\r\n\t<div class=\"tinv-wishlist-clear\"><\/div><a role=\"button\" tabindex=\"0\" name=\"agregar\" aria-label=\"Agregar\" class=\"tinvwl_add_to_wishlist_button tinvwl-icon-heart  tinvwl-position-after\" data-tinv-wl-list=\"[]\" data-tinv-wl-product=\"5224\" data-tinv-wl-productvariation=\"0\" data-tinv-wl-productvariations=\"[]\" data-tinv-wl-producttype=\"simple\" data-tinv-wl-action=\"add\"><span class=\"tinvwl_add_to_wishlist-text\">Agregar<\/span><\/a><div class=\"tinv-wishlist-clear\"><\/div>\t\t<div\r\n\t\tclass=\"tinvwl-tooltip\">Agregar<\/div>\r\n<\/div>\r\n<a href=\"?add-to-compare=5224\" class=\"woosc-btn woosc-btn-5224 \" rel=\"nofollow\" data-text=\"Compare\" data-text_added=\"Compare\" data-id=\"5224\" data-product_id=\"5224\" data-product_name=\"Estuche de Papel Crep\u00e9 Torre\" data-product_image=\"https:\/\/espacioescolar.cl\/wp-content\/uploads\/2025\/01\/Papel-Crepe-Torre-150x150.jpg\">Compare<\/a><a class=\"detail-bnt quickview\" data-product_id=\"5224\"><i class=\"klbth-icon-eye-empty\"><\/i><\/a> <\/div> <\/div><div class=\"content-wrapper\"><h3 class=\"product-title\"> <a href=\"https:\/\/espacioescolar.cl\/es\/producto\/estuche-de-papel-crepe-torre\/\">Estuche de Papel Crep\u00e9 Torre<\/a><\/h3><span class=\"price\"><span class=\"woocommerce-Price-amount amount\"><bdi><span class=\"woocommerce-Price-currencySymbol\">&#36;<\/span>2.490<\/bdi><\/span><\/span><div class=\"product-stock in-stock\"> <i class=\"klbth-icon-ecommerce-package-ready\"><\/i><span>In Stock<\/span><\/div><\/div><\/div><div class=\"product-footer\"><div class=\"product-footer-inner\"> <div class=\"product-footer-details\"> <ul>\r\n \t<li>6 Hojas<\/li>\r\n \t<li>6 Colores<\/li>\r\n \t<li>50 x 100 cms. (aprox.)<\/li>\r\n<\/ul><\/div><a href=\"\/es\/wp-json\/wp\/v2\/pages\/1643?add-to-cart=5224\" aria-describedby=\"woocommerce_loop_add_to_cart_link_describedby_5224\" data-quantity=\"1\" class=\"primary  button product_type_simple add_to_cart_button ajax_add_to_cart\" data-product_id=\"5224\" data-product_sku=\"\" aria-label=\"Agregar al carrito: &ldquo;Estuche de Papel Crep\u00e9 Torre&rdquo;\" rel=\"nofollow\" data-success_message=\"&ldquo;Estuche de Papel Crep\u00e9 Torre&rdquo; se ha a\u00f1adido a tu carro\" role=\"button\">Agregar a tu carro <i class=\"klbth-icon-shopping-bag\"><\/i><\/a>\t<span id=\"woocommerce_loop_add_to_cart_link_describedby_5224\" class=\"screen-reader-text\">\r\n\t\t\t<\/span>\r\n<\/div><\/div><\/div><div class=\"product-content-fade\"><\/div><\/div><\/div><div class=\"column-item product type-product post-5222 status-publish instock product_cat-estuches-artisticos product_cat-papel-crepe product_cat-papeleria product_tag-estuches-artisticos product_tag-papel-crepe has-post-thumbnail taxable shipping-taxable purchasable product-type-simple\"><div class=\"product product-type-1\"> <div class=\"product-wrapper\"><div class=\"product-content\"><div class=\"thumbnail-wrapper entry-media\"> <a class=\"product-thumbnail\" href=\"https:\/\/espacioescolar.cl\/es\/producto\/estuche-artecolor-papel-crepe-artel\/\"><img decoding=\"async\" src=\"https:\/\/espacioescolar.cl\/wp-content\/uploads\/2025\/01\/Estuche-Artecolor-Papel-Crepe-Artel--500x500.webp\" alt=\"Estuche Artecolor Papel Crepe Artel\"><\/a><div class=\"product-buttons\"> <div class=\"tinv-wraper woocommerce tinv-wishlist tinvwl-shortcode-add-to-cart tinvwl-partdo_wishlist_action\"\r\n\t data-tinvwl_product_id=\"5222\">\r\n\t<div class=\"tinv-wishlist-clear\"><\/div><a role=\"button\" tabindex=\"0\" name=\"agregar\" aria-label=\"Agregar\" class=\"tinvwl_add_to_wishlist_button tinvwl-icon-heart  tinvwl-position-after\" data-tinv-wl-list=\"[]\" data-tinv-wl-product=\"5222\" data-tinv-wl-productvariation=\"0\" data-tinv-wl-productvariations=\"[]\" data-tinv-wl-producttype=\"simple\" data-tinv-wl-action=\"add\"><span class=\"tinvwl_add_to_wishlist-text\">Agregar<\/span><\/a><div class=\"tinv-wishlist-clear\"><\/div>\t\t<div\r\n\t\tclass=\"tinvwl-tooltip\">Agregar<\/div>\r\n<\/div>\r\n<a href=\"?add-to-compare=5222\" class=\"woosc-btn woosc-btn-5222 \" rel=\"nofollow\" data-text=\"Compare\" data-text_added=\"Compare\" data-id=\"5222\" data-product_id=\"5222\" data-product_name=\"Estuche Artecolor Papel Crepe Artel\" data-product_image=\"https:\/\/espacioescolar.cl\/wp-content\/uploads\/2025\/01\/Estuche-Artecolor-Papel-Crepe-Artel--150x150.webp\">Compare<\/a><a class=\"detail-bnt quickview\" data-product_id=\"5222\"><i class=\"klbth-icon-eye-empty\"><\/i><\/a> <\/div> <\/div><div class=\"content-wrapper\"><h3 class=\"product-title\"> <a href=\"https:\/\/espacioescolar.cl\/es\/producto\/estuche-artecolor-papel-crepe-artel\/\">Estuche Artecolor Papel Crepe Artel<\/a><\/h3><span class=\"price\"><span class=\"woocommerce-Price-amount amount\"><bdi><span class=\"woocommerce-Price-currencySymbol\">&#36;<\/span>2.290<\/bdi><\/span><\/span><div class=\"product-stock in-stock\"> <i class=\"klbth-icon-ecommerce-package-ready\"><\/i><span>In Stock<\/span><\/div><\/div><\/div><div class=\"product-footer\"><div class=\"product-footer-inner\"> <div class=\"product-footer-details\"> <ul>\r\n \t<li>10 Hojas<\/li>\r\n \t<li>10 Colores<\/li>\r\n \t<li>25 x 35 cms. (aprox.)<\/li>\r\n<\/ul><\/div><a href=\"\/es\/wp-json\/wp\/v2\/pages\/1643?add-to-cart=5222\" aria-describedby=\"woocommerce_loop_add_to_cart_link_describedby_5222\" data-quantity=\"1\" class=\"primary  button product_type_simple add_to_cart_button ajax_add_to_cart\" data-product_id=\"5222\" data-product_sku=\"10010922\" aria-label=\"Agregar al carrito: &ldquo;Estuche Artecolor Papel Crepe Artel&rdquo;\" rel=\"nofollow\" data-success_message=\"&ldquo;Estuche Artecolor Papel Crepe Artel&rdquo; se ha a\u00f1adido a tu carro\" role=\"button\">Agregar a tu carro <i class=\"klbth-icon-shopping-bag\"><\/i><\/a>\t<span id=\"woocommerce_loop_add_to_cart_link_describedby_5222\" class=\"screen-reader-text\">\r\n\t\t\t<\/span>\r\n<\/div><\/div><\/div><div class=\"product-content-fade\"><\/div><\/div><\/div><div class=\"column-item product type-product post-5217 status-publish last instock product_cat-cartulina-espanola product_cat-estuches-artisticos product_cat-papeleria product_tag-cartulina-espanola product_tag-estuches-artisticos has-post-thumbnail taxable shipping-taxable purchasable product-type-simple\"><div class=\"product product-type-1\"> <div class=\"product-wrapper\"><div class=\"product-content\"><div class=\"thumbnail-wrapper entry-media\"> <a class=\"product-thumbnail\" href=\"https:\/\/espacioescolar.cl\/es\/producto\/estuche-artecolor-cartulina-espanola-artel\/\"><img decoding=\"async\" src=\"https:\/\/espacioescolar.cl\/wp-content\/uploads\/2025\/01\/Estuche-Artecolor-Cartulina-Espanola-Artel-500x500.webp\" alt=\"Estuche Artecolor Cartulina Espa\u00f1ola Artel\"><\/a><div class=\"product-buttons\"> <div class=\"tinv-wraper woocommerce tinv-wishlist tinvwl-shortcode-add-to-cart tinvwl-partdo_wishlist_action\"\r\n\t data-tinvwl_product_id=\"5217\">\r\n\t<div class=\"tinv-wishlist-clear\"><\/div><a role=\"button\" tabindex=\"0\" name=\"agregar\" aria-label=\"Agregar\" class=\"tinvwl_add_to_wishlist_button tinvwl-icon-heart  tinvwl-position-after\" data-tinv-wl-list=\"[]\" data-tinv-wl-product=\"5217\" data-tinv-wl-productvariation=\"0\" data-tinv-wl-productvariations=\"[]\" data-tinv-wl-producttype=\"simple\" data-tinv-wl-action=\"add\"><span class=\"tinvwl_add_to_wishlist-text\">Agregar<\/span><\/a><div class=\"tinv-wishlist-clear\"><\/div>\t\t<div\r\n\t\tclass=\"tinvwl-tooltip\">Agregar<\/div>\r\n<\/div>\r\n<a href=\"?add-to-compare=5217\" class=\"woosc-btn woosc-btn-5217 \" rel=\"nofollow\" data-text=\"Compare\" data-text_added=\"Compare\" data-id=\"5217\" data-product_id=\"5217\" data-product_name=\"Estuche Artecolor Cartulina Espa\u00f1ola Artel\" data-product_image=\"https:\/\/espacioescolar.cl\/wp-content\/uploads\/2025\/01\/Estuche-Artecolor-Cartulina-Espanola-Artel-150x150.webp\">Compare<\/a><a class=\"detail-bnt quickview\" data-product_id=\"5217\"><i class=\"klbth-icon-eye-empty\"><\/i><\/a> <\/div> <\/div><div class=\"content-wrapper\"><h3 class=\"product-title\"> <a href=\"https:\/\/espacioescolar.cl\/es\/producto\/estuche-artecolor-cartulina-espanola-artel\/\">Estuche Artecolor Cartulina Espa\u00f1ola Artel<\/a><\/h3><span class=\"price\"><span class=\"woocommerce-Price-amount amount\"><bdi><span class=\"woocommerce-Price-currencySymbol\">&#36;<\/span>2.290<\/bdi><\/span><\/span><div class=\"product-stock in-stock\"> <i class=\"klbth-icon-ecommerce-package-ready\"><\/i><span>In Stock<\/span><\/div><\/div><\/div><div class=\"product-footer\"><div class=\"product-footer-inner\"> <div class=\"product-footer-details\"> <ul>\r\n \t<li>10 Hojas<\/li>\r\n \t<li>10 Colores<\/li>\r\n \t<li>25 x 35 cm<\/li>\r\n<\/ul><\/div><a href=\"\/es\/wp-json\/wp\/v2\/pages\/1643?add-to-cart=5217\" aria-describedby=\"woocommerce_loop_add_to_cart_link_describedby_5217\" data-quantity=\"1\" class=\"primary  button product_type_simple add_to_cart_button ajax_add_to_cart\" data-product_id=\"5217\" data-product_sku=\"\" aria-label=\"Agregar al carrito: &ldquo;Estuche Artecolor Cartulina Espa\u00f1ola Artel&rdquo;\" rel=\"nofollow\" data-success_message=\"&ldquo;Estuche Artecolor Cartulina Espa\u00f1ola Artel&rdquo; se ha a\u00f1adido a tu carro\" role=\"button\">Agregar a tu carro <i class=\"klbth-icon-shopping-bag\"><\/i><\/a>\t<span id=\"woocommerce_loop_add_to_cart_link_describedby_5217\" class=\"screen-reader-text\">\r\n\t\t\t<\/span>\r\n<\/div><\/div><\/div><div class=\"product-content-fade\"><\/div><\/div><\/div><\/div><\/div><!-- column --><div class=\"block-column banner-column\"><div class=\"klbth-banner style-inner color-scheme-dark space-md align-start justify-start hover-zoom\"><div class=\"entry-wrapper overlay-25-dark-max768 dump\"><div class=\"entry-inner w-70\"><div class=\"entry-heading banner-heading\"><span class=\"badge\">Elementos de Laboratorio<\/span><h2 class=\"entry-title font-banner-xlg\">Aprende qu\u00edmica con los instrumentos que necesitas.<\/h2><\/div><div class=\"entry-excerpt font-sm weight-300\"><p> <\/p><\/div><div class=\"entry-footer vertical banner-footer\"><div class=\"banner-button\"><button href=\"https:\/\/espacioescolar.cl\/es\/categoria\/materiales\/elementos-de-laboratorio\/\"  class=\"btn link\"> Descubre aqu\u00ed <i class=\"klbth-icon-arrow-right-long\"><\/i><\/button><\/div><\/div><\/div><\/div><div class=\"entry-media\"><img decoding=\"async\" src=\"https:\/\/espacioescolar.cl\/wp-content\/uploads\/2023\/11\/quimica-final.webp\" alt=\"slider image\"\/><\/div><a class=\"link-mask\" href=\"https:\/\/espacioescolar.cl\/es\/categoria\/materiales\/elementos-de-laboratorio\/\" > <\/a><\/div><\/div><\/div><\/div><\/div>\t\t\t\t<\/div>\n\t\t\t\t<\/div>\n\t\t\t\t\t<\/div>\n\t\t<\/div>\n\t\t\t\t\t<\/div>\n\t\t<\/section>\n\t\t\t\t<section class=\"elementor-section elementor-top-section elementor-element elementor-element-106bc8b elementor-section-boxed elementor-section-height-default elementor-section-height-default\" data-id=\"106bc8b\" data-element_type=\"section\" data-e-type=\"section\">\n\t\t\t\t\t\t<div class=\"elementor-container elementor-column-gap-extended\">\n\t\t\t\t\t<div class=\"elementor-column elementor-col-100 elementor-top-column elementor-element elementor-element-68afd14\" data-id=\"68afd14\" data-element_type=\"column\" data-e-type=\"column\">\n\t\t\t<div class=\"elementor-widget-wrap\">\n\t\t\t\t\t\t\t<\/div>\n\t\t<\/div>\n\t\t\t\t\t<\/div>\n\t\t<\/section>\n\t\t\t\t<section class=\"elementor-section elementor-top-section elementor-element elementor-element-5c04914 elementor-section-boxed elementor-section-height-default elementor-section-height-default\" data-id=\"5c04914\" data-element_type=\"section\" data-e-type=\"section\">\n\t\t\t\t\t\t<div class=\"elementor-container elementor-column-gap-extended\">\n\t\t\t\t\t<div class=\"elementor-column elementor-col-33 elementor-top-column elementor-element elementor-element-cd193e0\" data-id=\"cd193e0\" data-element_type=\"column\" data-e-type=\"column\">\n\t\t\t<div class=\"elementor-widget-wrap elementor-element-populated\">\n\t\t\t\t\t\t<div class=\"elementor-element elementor-element-705dedc elementor-widget elementor-widget-partdo-banner-box\" data-id=\"705dedc\" data-element_type=\"widget\" data-e-type=\"widget\" data-widget_type=\"partdo-banner-box.default\">\n\t\t\t\t<div class=\"elementor-widget-container\">\n\t\t\t\t\t<div class=\"klbth-banner style-inner color-scheme-dark space-sm align-center justify-start hover-zoom\"><div class=\"entry-wrapper overlay-15-dark-max768 dump\"><div class=\"entry-inner w-70\"><div class=\"entry-heading banner-heading\"><span class=\"badge\">Circuitos El\u00e9ctricos<\/span><h2 class=\"entry-title font-banner-sm\"> <\/h2><\/div><div class=\"entry-excerpt font-sm weight-300\"><p><\/p><\/div><div class=\"entry-footer vertical banner-footer\"><div class=\"banner-button\"><button href=\"https:\/\/espacioescolar.cl\/es\/categoria\/materiales\/circuitos-electricos\/\" class=\"btn link\" > Descubre m\u00e1s<i class=\"klbth-icon-arrow-right-long\"><\/i><\/button><\/div><\/div><\/div><\/div><div class=\"entry-media\"><img decoding=\"async\" src=\"https:\/\/espacioescolar.cl\/wp-content\/uploads\/2023\/11\/circuitos-electricos-2.webp\" alt=\"slider image\"\/><\/div><a class=\"link-mask\" href=\"https:\/\/espacioescolar.cl\/es\/categoria\/materiales\/circuitos-electricos\/\" > <\/a><\/div>\t\t\t\t<\/div>\n\t\t\t\t<\/div>\n\t\t\t\t\t<\/div>\n\t\t<\/div>\n\t\t\t\t<div class=\"elementor-column elementor-col-33 elementor-top-column elementor-element elementor-element-af94f92\" data-id=\"af94f92\" data-element_type=\"column\" data-e-type=\"column\">\n\t\t\t<div class=\"elementor-widget-wrap elementor-element-populated\">\n\t\t\t\t\t\t<div class=\"elementor-element elementor-element-5b7745c elementor-widget elementor-widget-partdo-banner-box\" data-id=\"5b7745c\" data-element_type=\"widget\" data-e-type=\"widget\" data-widget_type=\"partdo-banner-box.default\">\n\t\t\t\t<div class=\"elementor-widget-container\">\n\t\t\t\t\t<div class=\"klbth-banner style-inner color-scheme-dark space-sm align-center justify-start hover-zoom\"><div class=\"entry-wrapper overlay-15-dark-max768 dump\"><div class=\"entry-inner w-70\"><div class=\"entry-heading banner-heading\"><span class=\"badge\">Todo Maqueter\u00eda<\/span><h2 class=\"entry-title font-banner-sm\"> <\/h2><\/div><div class=\"entry-excerpt font-sm weight-300\"><p><\/p><\/div><div class=\"entry-footer vertical banner-footer\"><div class=\"banner-button\"><button href=\"https:\/\/espacioescolar.cl\/es\/categoria\/materiales\/maqueteria\/\" class=\"btn link\" > Revisa aqu\u00ed<i class=\"klbth-icon-arrow-right-long\"><\/i><\/button><\/div><\/div><\/div><\/div><div class=\"entry-media\"><img decoding=\"async\" src=\"https:\/\/espacioescolar.cl\/wp-content\/uploads\/2023\/11\/maqueteria-ee.webp\" alt=\"slider image\"\/><\/div><a class=\"link-mask\" href=\"https:\/\/espacioescolar.cl\/es\/categoria\/materiales\/maqueteria\/\" > <\/a><\/div>\t\t\t\t<\/div>\n\t\t\t\t<\/div>\n\t\t\t\t\t<\/div>\n\t\t<\/div>\n\t\t\t\t<div class=\"elementor-column elementor-col-33 elementor-top-column elementor-element elementor-element-60eb742\" data-id=\"60eb742\" data-element_type=\"column\" data-e-type=\"column\">\n\t\t\t<div class=\"elementor-widget-wrap elementor-element-populated\">\n\t\t\t\t\t\t<div class=\"elementor-element elementor-element-6ebb482 elementor-widget elementor-widget-partdo-banner-box\" data-id=\"6ebb482\" data-element_type=\"widget\" data-e-type=\"widget\" data-widget_type=\"partdo-banner-box.default\">\n\t\t\t\t<div class=\"elementor-widget-container\">\n\t\t\t\t\t<div class=\"klbth-banner style-inner color-scheme-dark space-sm align-center justify-start hover-zoom\"><div class=\"entry-wrapper overlay-15-dark-max768 dump\"><div class=\"entry-inner w-70\"><div class=\"entry-heading banner-heading\"><span class=\"badge\">Materiales - Manualidades<\/span><h2 class=\"entry-title font-banner-sm\"> <\/h2><\/div><div class=\"entry-excerpt font-sm weight-300\"><p><\/p><\/div><div class=\"entry-footer vertical banner-footer\"><div class=\"banner-button\"><button href=\"https:\/\/espacioescolar.cl\/es\/categoria\/materiales\/manualidades\/\" class=\"btn link\" > Conoce m\u00e1s<i class=\"klbth-icon-arrow-right-long\"><\/i><\/button><\/div><\/div><\/div><\/div><div class=\"entry-media\"><img decoding=\"async\" src=\"https:\/\/espacioescolar.cl\/wp-content\/uploads\/2023\/11\/manualidades-2.webp\" alt=\"slider image\"\/><\/div><a class=\"link-mask\" href=\"https:\/\/espacioescolar.cl\/es\/categoria\/materiales\/manualidades\/\" > <\/a><\/div>\t\t\t\t<\/div>\n\t\t\t\t<\/div>\n\t\t\t\t\t<\/div>\n\t\t<\/div>\n\t\t\t\t\t<\/div>\n\t\t<\/section>\n\t\t\t\t<section class=\"elementor-section elementor-top-section elementor-element elementor-element-dc66512 elementor-section-boxed elementor-section-height-default elementor-section-height-default\" data-id=\"dc66512\" data-element_type=\"section\" data-e-type=\"section\">\n\t\t\t\t\t\t<div class=\"elementor-container elementor-column-gap-extended\">\n\t\t\t\t\t<div class=\"elementor-column elementor-col-100 elementor-top-column elementor-element elementor-element-e860e7a\" data-id=\"e860e7a\" data-element_type=\"column\" data-e-type=\"column\">\n\t\t\t<div class=\"elementor-widget-wrap elementor-element-populated\">\n\t\t\t\t\t\t<div class=\"elementor-element elementor-element-a6e793d elementor-widget elementor-widget-partdo-custom-title\" data-id=\"a6e793d\" data-element_type=\"widget\" data-e-type=\"widget\" data-widget_type=\"partdo-custom-title.default\">\n\t\t\t\t<div class=\"elementor-widget-container\">\n\t\t\t\t\t<div class=\"klbth-module-header with-border color-default counter-deactive align-default\"><h3 class=\"entry-title\">Productos de categor\u00eda\n<\/h3><div class=\"entry-description\"><p>\n\n<\/p><\/div><a class=\"btn link\" href=\"\" > Ver todo <i class=\"klbth-icon-arrow-right-long\"><\/i><\/a><\/div>\t\t\t\t<\/div>\n\t\t\t\t<\/div>\n\t\t\t\t\t<\/div>\n\t\t<\/div>\n\t\t\t\t\t<\/div>\n\t\t<\/section>\n\t\t\t\t<section class=\"elementor-section elementor-top-section elementor-element elementor-element-447554e elementor-section-boxed elementor-section-height-default elementor-section-height-default\" data-id=\"447554e\" data-element_type=\"section\" data-e-type=\"section\">\n\t\t\t\t\t\t<div class=\"elementor-container elementor-column-gap-extended\">\n\t\t\t\t\t<div class=\"elementor-column elementor-col-25 elementor-top-column elementor-element elementor-element-f0119ac\" data-id=\"f0119ac\" data-element_type=\"column\" data-e-type=\"column\">\n\t\t\t<div class=\"elementor-widget-wrap elementor-element-populated\">\n\t\t\t\t\t\t<div class=\"elementor-element elementor-element-f144203 elementor-widget elementor-widget-partdo-deals-product2\" data-id=\"f144203\" data-element_type=\"widget\" data-e-type=\"widget\" data-widget_type=\"partdo-deals-product2.default\">\n\t\t\t\t<div class=\"elementor-widget-container\">\n\t\t\t\t\t<div class=\"products featured-box\"><div class=\"product type-product post-5072 status-publish first instock product_cat-escritura product_cat-lapices-scripto product_tag-12-colores product_tag-faber-castell product_tag-lapices-scripto has-post-thumbnail taxable shipping-taxable product-type-simple\"><div class=\"product-wrapper\"><div class=\"product-content\"><div class=\"thumbnail-wrapper entry-media\"><a href=\"https:\/\/espacioescolar.cl\/es\/producto\/lapices-de-scripto-12-colores-faber-castell\/\"><img decoding=\"async\" src=\"https:\/\/espacioescolar.cl\/wp-content\/uploads\/2024\/01\/lapices-scripto-faber-500x500.webp\" alt=\"L\u00e1pices de Scripto 12 Colores Faber-Castell\"\/><\/a><div class=\"product-buttons\"><div class=\"tinv-wraper woocommerce tinv-wishlist tinvwl-shortcode-add-to-cart tinvwl-partdo_wishlist_action\"\r\n\t data-tinvwl_product_id=\"5072\">\r\n\t<div class=\"tinv-wishlist-clear\"><\/div><a role=\"button\" tabindex=\"0\" name=\"agregar\" aria-label=\"Agregar\" class=\"tinvwl_add_to_wishlist_button tinvwl-icon-heart  tinvwl-position-after\" data-tinv-wl-list=\"[]\" data-tinv-wl-product=\"5072\" data-tinv-wl-productvariation=\"0\" data-tinv-wl-productvariations=\"[]\" data-tinv-wl-producttype=\"simple\" data-tinv-wl-action=\"add\"><span class=\"tinvwl_add_to_wishlist-text\">Agregar<\/span><\/a><div class=\"tinv-wishlist-clear\"><\/div>\t\t<div\r\n\t\tclass=\"tinvwl-tooltip\">Agregar<\/div>\r\n<\/div>\r\n<a href=\"?add-to-compare=5072\" class=\"woosc-btn woosc-btn-5072 \" rel=\"nofollow\" data-text=\"Compare\" data-text_added=\"Compare\" data-id=\"5072\" data-product_id=\"5072\" data-product_name=\"L\u00e1pices de Scripto 12 Colores Faber-Castell\" data-product_image=\"https:\/\/espacioescolar.cl\/wp-content\/uploads\/2024\/01\/lapices-scripto-faber-150x150.webp\">Compare<\/a><a class=\"detail-bnt quickview\" data-product_id=\"5072\"><i class=\"klbth-icon-eye-empty\"><\/i><\/a><\/div><\/div><div class=\"content-wrapper\"><h3 class=\"product-title\"> <a href=\"https:\/\/espacioescolar.cl\/es\/producto\/lapices-de-scripto-12-colores-faber-castell\/\">L\u00e1pices de Scripto 12 Colores Faber-Castell<\/a><\/h3><span class=\"price\"><\/span><div class=\"product-stock in-stock\"> <i class=\"klbth-icon-ecommerce-package-ready\"><\/i><span>In Stock<\/span><\/div><div class=\"product-progress-wrapper\"><div class=\"product-progress\"> <span class=\"progress\" style=\"width:0%\"> <\/span><span class=\"not-progress\"><\/span><\/div><div class=\"product-progress-count\"> <div class=\"available\">Available:<strong>28<\/strong><\/div><div class=\"sold\">Sold: <strong>0<\/strong><\/div><\/div><\/div><\/div><\/div><\/div><\/div><div class=\"feature-description\">  <p>Aprovecha ahora antes de que se acabe la oferta<\/p><\/div><\/div>\t\t\t\t<\/div>\n\t\t\t\t<\/div>\n\t\t\t\t\t<\/div>\n\t\t<\/div>\n\t\t\t\t<div class=\"elementor-column elementor-col-25 elementor-top-column elementor-element elementor-element-d389ded\" data-id=\"d389ded\" data-element_type=\"column\" data-e-type=\"column\">\n\t\t\t<div class=\"elementor-widget-wrap elementor-element-populated\">\n\t\t\t\t\t\t<div class=\"elementor-element elementor-element-b219ecd elementor-widget elementor-widget-partdo-product-list\" data-id=\"b219ecd\" data-element_type=\"widget\" data-e-type=\"widget\" data-widget_type=\"partdo-product-list.default\">\n\t\t\t\t<div class=\"elementor-widget-container\">\n\t\t\t\t\t<div class=\"products list-style small-list bordered  \"><div class=\"product type-product post-5083 status-publish instock product_cat-escritura product_cat-lapices-de-cera product_tag-12-colores product_tag-lapices-de-cera product_tag-ross has-post-thumbnail taxable shipping-taxable product-type-simple\"><div class=\"product-wrapper\"><div class=\"product-content\"><div class=\"thumbnail-wrapper entry-media\"> <a href=\"https:\/\/espacioescolar.cl\/es\/producto\/lapices-de-cera-12-colores-ross\/\"><img decoding=\"async\" src=\"https:\/\/espacioescolar.cl\/wp-content\/uploads\/2024\/01\/lapices-de-cera-ross-12-colores-500x500.webp\" alt=\"L\u00e1pices de Cera de 12 Colores Ross\"\/><\/a><\/div><div class=\"content-wrapper\"><h3 class=\"product-title\"> <a href=\"https:\/\/espacioescolar.cl\/es\/producto\/lapices-de-cera-12-colores-ross\/\">L\u00e1pices de Cera de 12 Colores Ross<\/a><\/h3><span class=\"price\"><\/span><\/div><\/div><!-- product-content --><\/div><!-- product-wrapper --><\/div><div class=\"product type-product post-5068 status-publish instock product_cat-escritura product_cat-lapices-de-cera product_tag-12-colores product_tag-lapices-de-cera product_tag-torre has-post-thumbnail taxable shipping-taxable product-type-simple\"><div class=\"product-wrapper\"><div class=\"product-content\"><div class=\"thumbnail-wrapper entry-media\"> <a href=\"https:\/\/espacioescolar.cl\/es\/producto\/lapices-de-cera-12-colores-torre\/\"><img decoding=\"async\" src=\"https:\/\/espacioescolar.cl\/wp-content\/uploads\/2024\/01\/lapices-cera-torre-500x500.webp\" alt=\"L\u00e1pices de Cera 12 Colores Torre\"\/><\/a><\/div><div class=\"content-wrapper\"><h3 class=\"product-title\"> <a href=\"https:\/\/espacioescolar.cl\/es\/producto\/lapices-de-cera-12-colores-torre\/\">L\u00e1pices de Cera 12 Colores Torre<\/a><\/h3><span class=\"price\"><\/span><\/div><\/div><!-- product-content --><\/div><!-- product-wrapper --><\/div><div class=\"product type-product post-5066 status-publish last instock product_cat-escritura product_cat-lapices-de-cera product_tag-12-colores product_tag-lapices-de-cera product_tag-proarte has-post-thumbnail taxable shipping-taxable product-type-simple\"><div class=\"product-wrapper\"><div class=\"product-content\"><div class=\"thumbnail-wrapper entry-media\"> <a href=\"https:\/\/espacioescolar.cl\/es\/producto\/lapices-de-cera-12-colores-proarte\/\"><img decoding=\"async\" src=\"https:\/\/espacioescolar.cl\/wp-content\/uploads\/2024\/01\/lapices-cera-proarte-500x500.webp\" alt=\"L\u00e1pices de Cera 12 Colores ProArte\"\/><\/a><\/div><div class=\"content-wrapper\"><h3 class=\"product-title\"> <a href=\"https:\/\/espacioescolar.cl\/es\/producto\/lapices-de-cera-12-colores-proarte\/\">L\u00e1pices de Cera 12 Colores ProArte<\/a><\/h3><span class=\"price\"><\/span><\/div><\/div><!-- product-content --><\/div><!-- product-wrapper --><\/div><\/div>\t\t\t\t<\/div>\n\t\t\t\t<\/div>\n\t\t\t\t\t<\/div>\n\t\t<\/div>\n\t\t\t\t<div class=\"elementor-column elementor-col-25 elementor-top-column elementor-element elementor-element-887a3d7\" data-id=\"887a3d7\" data-element_type=\"column\" data-e-type=\"column\">\n\t\t\t<div class=\"elementor-widget-wrap elementor-element-populated\">\n\t\t\t\t\t\t<div class=\"elementor-element elementor-element-b12869c elementor-widget elementor-widget-partdo-deals-product2\" data-id=\"b12869c\" data-element_type=\"widget\" data-e-type=\"widget\" data-widget_type=\"partdo-deals-product2.default\">\n\t\t\t\t<div class=\"elementor-widget-container\">\n\t\t\t\t\t<div class=\"products featured-box\"><div class=\"product type-product post-5078 status-publish first instock product_cat-adhesivos-y-pegamentos product_cat-cola-fria product_tag-cola-fria product_tag-pegafix product_tag-pritt has-post-thumbnail taxable shipping-taxable product-type-simple\"><div class=\"product-wrapper\"><div class=\"product-content\"><div class=\"thumbnail-wrapper entry-media\"><a href=\"https:\/\/espacioescolar.cl\/es\/producto\/colafria-escolar-pegafix-55gr\/\"><img decoding=\"async\" src=\"https:\/\/espacioescolar.cl\/wp-content\/uploads\/2024\/01\/cola-fria-pritt-500x500.webp\" alt=\"Cola Fr\u00eda Escolar Pegafix 55 gr.\"\/><\/a><div class=\"product-buttons\"><div class=\"tinv-wraper woocommerce tinv-wishlist tinvwl-shortcode-add-to-cart tinvwl-partdo_wishlist_action\"\r\n\t data-tinvwl_product_id=\"5078\">\r\n\t<div class=\"tinv-wishlist-clear\"><\/div><a role=\"button\" tabindex=\"0\" name=\"agregar\" aria-label=\"Agregar\" class=\"tinvwl_add_to_wishlist_button tinvwl-icon-heart  tinvwl-position-after\" data-tinv-wl-list=\"[]\" data-tinv-wl-product=\"5078\" data-tinv-wl-productvariation=\"0\" data-tinv-wl-productvariations=\"[]\" data-tinv-wl-producttype=\"simple\" data-tinv-wl-action=\"add\"><span class=\"tinvwl_add_to_wishlist-text\">Agregar<\/span><\/a><div class=\"tinv-wishlist-clear\"><\/div>\t\t<div\r\n\t\tclass=\"tinvwl-tooltip\">Agregar<\/div>\r\n<\/div>\r\n<a href=\"?add-to-compare=5078\" class=\"woosc-btn woosc-btn-5078 \" rel=\"nofollow\" data-text=\"Compare\" data-text_added=\"Compare\" data-id=\"5078\" data-product_id=\"5078\" data-product_name=\"Cola Fr\u00eda Escolar Pegafix 55 gr.\" data-product_image=\"https:\/\/espacioescolar.cl\/wp-content\/uploads\/2024\/01\/cola-fria-pritt-150x150.webp\">Compare<\/a><a class=\"detail-bnt quickview\" data-product_id=\"5078\"><i class=\"klbth-icon-eye-empty\"><\/i><\/a><\/div><\/div><div class=\"content-wrapper\"><h3 class=\"product-title\"> <a href=\"https:\/\/espacioescolar.cl\/es\/producto\/colafria-escolar-pegafix-55gr\/\">Cola Fr\u00eda Escolar Pegafix 55 gr.<\/a><\/h3><span class=\"price\"><\/span><div class=\"product-stock in-stock\"> <i class=\"klbth-icon-ecommerce-package-ready\"><\/i><span>In Stock<\/span><\/div><div class=\"product-progress-wrapper\"><div class=\"product-progress\"> <span class=\"progress\" style=\"width:0%\"> <\/span><span class=\"not-progress\"><\/span><\/div><div class=\"product-progress-count\"> <div class=\"available\">Available:<strong>28<\/strong><\/div><div class=\"sold\">Sold: <strong>0<\/strong><\/div><\/div><\/div><\/div><\/div><\/div><\/div><div class=\"feature-description\">  <p>Aprovecha ahora antes de que se acabe la oferta<\/p><\/div><\/div>\t\t\t\t<\/div>\n\t\t\t\t<\/div>\n\t\t\t\t\t<\/div>\n\t\t<\/div>\n\t\t\t\t<div class=\"elementor-column elementor-col-25 elementor-top-column elementor-element elementor-element-deb6b75\" data-id=\"deb6b75\" data-element_type=\"column\" data-e-type=\"column\">\n\t\t\t<div class=\"elementor-widget-wrap elementor-element-populated\">\n\t\t\t\t\t\t<div class=\"elementor-element elementor-element-a74030f elementor-widget elementor-widget-partdo-product-list\" data-id=\"a74030f\" data-element_type=\"widget\" data-e-type=\"widget\" data-widget_type=\"partdo-product-list.default\">\n\t\t\t\t<div class=\"elementor-widget-container\">\n\t\t\t\t\t<div class=\"products list-style small-list bordered  \"><div class=\"product type-product post-5594 status-publish instock product_cat-colegio-mayor-penalolen product_cat-listas-de-utiles-2026 product_tag-4to-medio product_tag-colegio-mayor-penalolen product_tag-lista-de-utiles has-post-thumbnail featured taxable shipping-taxable product-type-simple\"><div class=\"product-wrapper\"><div class=\"product-content\"><div class=\"thumbnail-wrapper entry-media\"> <a href=\"https:\/\/espacioescolar.cl\/es\/producto\/lista-de-utiles-4to-medio-colegio-mayor-penalolen-2026\/\"><img decoding=\"async\" src=\"https:\/\/espacioescolar.cl\/wp-content\/uploads\/2026\/01\/4to-medio-cm-500x500.webp\" alt=\"Lista de \u00datiles 4to Medio Colegio Mayor Pe\u00f1alol\u00e9n 2026\"\/><\/a><\/div><div class=\"content-wrapper\"><h3 class=\"product-title\"> <a href=\"https:\/\/espacioescolar.cl\/es\/producto\/lista-de-utiles-4to-medio-colegio-mayor-penalolen-2026\/\">Lista de \u00datiles 4to Medio Colegio Mayor Pe\u00f1alol\u00e9n 2026<\/a><\/h3><span class=\"price\"><\/span><\/div><\/div><!-- product-content --><\/div><!-- product-wrapper --><\/div><div class=\"product type-product post-5592 status-publish instock product_cat-colegio-mayor-penalolen product_cat-listas-de-utiles-2026 product_tag-3ro-medio product_tag-colegio-mayor-penalolen product_tag-lista-de-utiles has-post-thumbnail featured taxable shipping-taxable product-type-simple\"><div class=\"product-wrapper\"><div class=\"product-content\"><div class=\"thumbnail-wrapper entry-media\"> <a href=\"https:\/\/espacioescolar.cl\/es\/producto\/lista-de-utiles-3ro-medio-colegio-mayor-penalolen-2026\/\"><img decoding=\"async\" src=\"https:\/\/espacioescolar.cl\/wp-content\/uploads\/2026\/01\/3ro-medio-cm-500x500.webp\" alt=\"Lista de \u00datiles 3ro Medio Colegio Mayor Pe\u00f1alol\u00e9n 2026\"\/><\/a><\/div><div class=\"content-wrapper\"><h3 class=\"product-title\"> <a href=\"https:\/\/espacioescolar.cl\/es\/producto\/lista-de-utiles-3ro-medio-colegio-mayor-penalolen-2026\/\">Lista de \u00datiles 3ro Medio Colegio Mayor Pe\u00f1alol\u00e9n 2026<\/a><\/h3><span class=\"price\"><\/span><\/div><\/div><!-- product-content --><\/div><!-- product-wrapper --><\/div><div class=\"product type-product post-5590 status-publish last instock product_cat-colegio-mayor-penalolen product_cat-listas-de-utiles-2026 product_tag-2do-medio product_tag-colegio-mayor-penalolen product_tag-lista-de-utiles has-post-thumbnail featured taxable shipping-taxable product-type-simple\"><div class=\"product-wrapper\"><div class=\"product-content\"><div class=\"thumbnail-wrapper entry-media\"> <a href=\"https:\/\/espacioescolar.cl\/es\/producto\/lista-de-utiles-2do-medio-colegio-mayor-penalolen-2026\/\"><img decoding=\"async\" src=\"https:\/\/espacioescolar.cl\/wp-content\/uploads\/2026\/01\/2do-medio-cm-500x500.webp\" alt=\"Lista de \u00datiles 2do Medio Colegio Mayor Pe\u00f1alol\u00e9n 2026\"\/><\/a><\/div><div class=\"content-wrapper\"><h3 class=\"product-title\"> <a href=\"https:\/\/espacioescolar.cl\/es\/producto\/lista-de-utiles-2do-medio-colegio-mayor-penalolen-2026\/\">Lista de \u00datiles 2do Medio Colegio Mayor Pe\u00f1alol\u00e9n 2026<\/a><\/h3><span class=\"price\"><\/span><\/div><\/div><!-- product-content --><\/div><!-- product-wrapper --><\/div><\/div>\t\t\t\t<\/div>\n\t\t\t\t<\/div>\n\t\t\t\t\t<\/div>\n\t\t<\/div>\n\t\t\t\t\t<\/div>\n\t\t<\/section>\n\t\t\t\t<section class=\"elementor-section elementor-top-section elementor-element elementor-element-b83223f elementor-section-boxed elementor-section-height-default elementor-section-height-default\" data-id=\"b83223f\" data-element_type=\"section\" data-e-type=\"section\">\n\t\t\t\t\t\t<div class=\"elementor-container elementor-column-gap-extended\">\n\t\t\t\t\t<div class=\"elementor-column elementor-col-50 elementor-top-column elementor-element elementor-element-4975e99\" data-id=\"4975e99\" data-element_type=\"column\" data-e-type=\"column\">\n\t\t\t<div class=\"elementor-widget-wrap elementor-element-populated\">\n\t\t\t\t\t\t<div class=\"elementor-element elementor-element-8950624 elementor-widget elementor-widget-partdo-banner-box\" data-id=\"8950624\" data-element_type=\"widget\" data-e-type=\"widget\" data-widget_type=\"partdo-banner-box.default\">\n\t\t\t\t<div class=\"elementor-widget-container\">\n\t\t\t\t\t<div class=\"klbth-banner style-inner color-scheme-dark space-md align-start justify-start hover-zoom\"><div class=\"entry-wrapper overlay-10-dark-max768 dump\"><div class=\"entry-inner w-70\"><div class=\"entry-heading banner-heading\"><span class=\"badge\">\u00a1No te puede faltar!<\/span><h2 class=\"entry-title font-banner-xlg\">Mi Estuche<\/h2><\/div><div class=\"entry-excerpt font-sm weight-300\"><p>L\u00e1pices, corrector, tijeras y m\u00e1s. <\/p><\/div><div class=\"entry-footer vertical banner-footer\"><div class=\"banner-button\"><button href=\"https:\/\/espacioescolar.cl\/es\/categoria\/mi-estuche\/\" class=\"btn link\" > Arma el tuyo aqu\u00ed <i class=\"klbth-icon-arrow-right-long\"><\/i><\/button><\/div><\/div><\/div><\/div><div class=\"entry-media\"><img decoding=\"async\" src=\"https:\/\/espacioescolar.cl\/wp-content\/uploads\/2023\/11\/estuche-espacio-escolar.webp\" alt=\"slider image\"\/><\/div><a class=\"link-mask\" href=\"https:\/\/espacioescolar.cl\/es\/categoria\/mi-estuche\/\" > <\/a><\/div>\t\t\t\t<\/div>\n\t\t\t\t<\/div>\n\t\t\t\t\t<\/div>\n\t\t<\/div>\n\t\t\t\t<div class=\"elementor-column elementor-col-50 elementor-top-column elementor-element elementor-element-4295c83\" data-id=\"4295c83\" data-element_type=\"column\" data-e-type=\"column\">\n\t\t\t<div class=\"elementor-widget-wrap elementor-element-populated\">\n\t\t\t\t\t\t<div class=\"elementor-element elementor-element-659a4d0 elementor-widget elementor-widget-partdo-banner-box\" data-id=\"659a4d0\" data-element_type=\"widget\" data-e-type=\"widget\" data-widget_type=\"partdo-banner-box.default\">\n\t\t\t\t<div class=\"elementor-widget-container\">\n\t\t\t\t\t<div class=\"klbth-banner style-inner color-scheme-dark space-md align-start justify-start hover-zoom\"><div class=\"entry-wrapper overlay-10-dark-max768 dump\"><div class=\"entry-inner w-70\"><div class=\"entry-heading banner-heading\"><span class=\"badge\">Art\u00edculos principales<\/span><h2 class=\"entry-title font-banner-xlg\">Todo Oficina<\/h2><\/div><div class=\"entry-excerpt font-sm weight-300\"><p>Archivadores, carpetas, post it y m\u00e1s. <\/p><\/div><div class=\"entry-footer vertical banner-footer\"><div class=\"banner-button\"><button href=\"https:\/\/espacioescolar.cl\/es\/categoria\/oficina\/\" class=\"btn link\" > Compra aqu\u00ed <i class=\"klbth-icon-arrow-right-long\"><\/i><\/button><\/div><\/div><\/div><\/div><div class=\"entry-media\"><img decoding=\"async\" src=\"https:\/\/espacioescolar.cl\/wp-content\/uploads\/2023\/11\/oficina.webp\" alt=\"slider image\"\/><\/div><a class=\"link-mask\" href=\"https:\/\/espacioescolar.cl\/es\/categoria\/oficina\/\" > <\/a><\/div>\t\t\t\t<\/div>\n\t\t\t\t<\/div>\n\t\t\t\t\t<\/div>\n\t\t<\/div>\n\t\t\t\t\t<\/div>\n\t\t<\/section>\n\t\t\t\t<\/div>\n\t\t","protected":false},"excerpt":{"rendered":"<p>Boston College Alto Macul &#8211; Colegio Mayor &#8211; Pumahue &#8211; PDV Lista de \u00fatiles 2026 10% Dcto. por la compra de tu lista escolar. Preventa de listas de \u00fatiles \u00a1Vuelve con todo a clases este 2026! \u00a1Aqu\u00ed encuentras todo lo que necesitas! \u00a1Que nada te falte! Todo en papeler\u00eda Block de dibujo, estuches de cartulina,<\/p>\n<div class=\"klb-readmore button\"><a class=\"btn link\" href=\"https:\/\/espacioescolar.cl\/es\/producto\/lista-de-utiles-2do-medio-colegio-mayor-penalolen-2026\/\">Read More <i class=\"klbth-icon-right-arrow\"><\/i><\/a><\/div>\n","protected":false},"author":1,"featured_media":0,"parent":0,"menu_order":0,"comment_status":"closed","ping_status":"closed","template":"","meta":{"footnotes":""},"class_list":["post-1643","page","type-page","status-publish","hentry"],"_links":{"self":[{"href":"https:\/\/espacioescolar.cl\/es\/wp-json\/wp\/v2\/pages\/1643","targetHints":{"allow":["GET"]}}],"collection":[{"href":"https:\/\/espacioescolar.cl\/es\/wp-json\/wp\/v2\/pages"}],"about":[{"href":"https:\/\/espacioescolar.cl\/es\/wp-json\/wp\/v2\/types\/page"}],"author":[{"embeddable":true,"href":"https:\/\/espacioescolar.cl\/es\/wp-json\/wp\/v2\/users\/1"}],"replies":[{"embeddable":true,"href":"https:\/\/espacioescolar.cl\/es\/wp-json\/wp\/v2\/comments?post=1643"}],"version-history":[{"count":294,"href":"https:\/\/espacioescolar.cl\/es\/wp-json\/wp\/v2\/pages\/1643\/revisions"}],"predecessor-version":[{"id":5738,"href":"https:\/\/espacioescolar.cl\/es\/wp-json\/wp\/v2\/pages\/1643\/revisions\/5738"}],"wp:attachment":[{"href":"https:\/\/espacioescolar.cl\/es\/wp-json\/wp\/v2\/media?parent=1643"}],"curies":[{"name":"wp","href":"https:\/\/api.w.org\/{rel}","templated":true}]}}